{"id":106,"date":"2012-03-16T20:31:48","date_gmt":"2012-03-16T20:31:48","guid":{"rendered":"?page_id=106"},"modified":"2023-02-13T00:46:43","modified_gmt":"2023-02-12T23:46:43","slug":"srbija","status":"publish","type":"page","link":"https:\/\/slovenci.rs\/sl\/koristne-povezave\/srbija\/","title":{"rendered":"SRBIJA"},"content":{"rendered":"<p>Ministrstvo za \u010dlovekove in manj\u0161inske pravice, dr\u017eavno upravo in lokalno samoupravo<\/p>\n<div><a href=\"http:\/\/www.drzavnauprava.gov.rs\/\">http:\/\/www.drzavnauprava.gov.rs<br \/>\n<\/a><\/div>\n<div><a href=\"http:\/\/www.ljudskaprava.gov.rs\/\">http:\/\/www.ljudskaprava.gov.rs<\/a><\/div>\n<p>Pokrajinski sekrateriat za izobra\u017eevanje, upravo in narodne skupnosti<\/p>\n<div><a href=\"http:\/\/www.puma.vojvodina.gov.rs\/\">http:\/\/www.puma.vojvodina.gov.rs<\/a><\/div>\n<p>Varuh \u010dlovekovih pravic<\/p>\n<div><a href=\"http:\/\/www.ombudsman.rs\/index.php\/lang-sr_YU\">http:\/\/www.ombudsman.rs\/index.php\/lang-sr_YU<\/a><\/div>\n<p>Pokrajinski ombudsman<\/p>\n<div><a href=\"http:\/\/www.ombudsmanapv.org\/\">http:\/\/www.ombudsmanapv.org<\/a><\/div>\n<div><\/div>\n<div>\n<div><span style=\"color: #222222; font-family: arial, sans-serif;\">Helsin\u0161ki odbor za \u010dlovekove pravice v Srbiji &#8211; letno poro\u010dilo<\/span><\/div>\n<div><\/div>\n<div><span style=\"color: #222222; font-family: arial, sans-serif;\"><a href=\"http:\/\/www.helsinki.org.rs\/serbian\/doc\/izvestaj2011.pdf\" target=\"_blank\" rel=\"noopener\">http:\/\/www.helsinki.org.rs\/<wbr>serbian\/doc\/izvestaj2011.pdf<\/a><\/span><\/div>\n<div><\/div>\n<\/div>\n<div><\/div>\n<div>Nadle\u017enosti nacionalnih saveta nacionalnih manjina<\/div>\n<div><\/div>\n<div>&nbsp;<a href=\"http:\/\/www.osce.org\/sr\/serbia\/90358\" target=\"_blank\" rel=\"noopener\">http:\/\/www.osce.org\/sr\/<wbr>serbia\/90358<\/a><\/div>\n<div><\/div>\n<div>\n<div>Centar za razvoj civilnog dru\u0161tva<\/div>\n<div><\/div>\n<div><a href=\"http:\/\/cdcs.org.rs\/index.php\" target=\"_blank\" rel=\"noopener\">http:\/\/cdcs.org.rs<\/a><\/div>\n<\/div>\n<div><\/div>","protected":false},"excerpt":{"rendered":"<p>Ministrstvo za \u010dlovekove in manj\u0161inske pravice, dr\u017eavno upravo in lokalno samoupravo http:\/\/www.drzavnauprava.gov.rs http:\/\/www.ljudskaprava.gov.rs Pokrajinski sekrateriat za izobra\u017eevanje, upravo in narodne skupnosti http:\/\/www.puma.vojvodina.gov.rs Varuh \u010dlovekovih pravic http:\/\/www.ombudsman.rs\/index.php\/lang-sr_YU Pokrajinski ombudsman http:\/\/www.ombudsmanapv.org Helsin\u0161ki odbor za \u010dlovekove pravice v Srbiji &#8211; letno poro\u010dilo http:\/\/www.helsinki.org.rs\/serbian\/doc\/izvestaj2011.pdf Nadle\u017enosti nacionalnih saveta nacionalnih manjina &nbsp;http:\/\/www.osce.org\/sr\/serbia\/90358 Centar za razvoj civilnog dru\u0161tva http:\/\/cdcs.org.rs<\/p>","protected":false},"author":1,"featured_media":0,"parent":25,"menu_order":0,"comment_status":"closed","ping_status":"closed","template":"","meta":{"footnotes":""},"class_list":["post-106","page","type-page","status-publish","hentry","post"],"_links":{"self":[{"href":"https:\/\/slovenci.rs\/sl\/wp-json\/wp\/v2\/pages\/106","targetHints":{"allow":["GET"]}}],"collection":[{"href":"https:\/\/slovenci.rs\/sl\/wp-json\/wp\/v2\/pages"}],"about":[{"href":"https:\/\/slovenci.rs\/sl\/wp-json\/wp\/v2\/types\/page"}],"author":[{"embeddable":true,"href":"https:\/\/slovenci.rs\/sl\/wp-json\/wp\/v2\/users\/1"}],"replies":[{"embeddable":true,"href":"https:\/\/slovenci.rs\/sl\/wp-json\/wp\/v2\/comments?post=106"}],"version-history":[{"count":9,"href":"https:\/\/slovenci.rs\/sl\/wp-json\/wp\/v2\/pages\/106\/revisions"}],"predecessor-version":[{"id":5259,"href":"https:\/\/slovenci.rs\/sl\/wp-json\/wp\/v2\/pages\/106\/revisions\/5259"}],"up":[{"embeddable":true,"href":"https:\/\/slovenci.rs\/sl\/wp-json\/wp\/v2\/pages\/25"}],"wp:attachment":[{"href":"https:\/\/slovenci.rs\/sl\/wp-json\/wp\/v2\/media?parent=106"}],"curies":[{"name":"wp","href":"https:\/\/api.w.org\/{rel}","templated":true}]}}