{"id":1764,"date":"2014-10-14T17:49:38","date_gmt":"2014-10-14T15:49:38","guid":{"rendered":"https:\/\/slovenci.rs\/?page_id=1764"},"modified":"2023-02-13T00:33:57","modified_gmt":"2023-02-12T23:33:57","slug":"izbori","status":"publish","type":"page","link":"https:\/\/slovenci.rs\/sl\/izbori\/","title":{"rendered":"IZBORI"},"content":{"rendered":"<h2>SEDNICE REPUBLI\u010cKE IZBORNE KOMISIJE<\/h2>\n<p>&nbsp;<\/p>\n<p>Republi\u010dka izborna komisija je na 49. sednici, odr\u017eanoj 29. oktobra, utvrdila Izve\u0161taj o ukupnim rezultatima izbora za \u010dlanove nacionalnih saveta a\u0161kalijske, bunjeva\u010dke, bugarske, vla\u0161ke, gr\u010dke, egipatske, ma\u0111arske, nema\u010dke, romske, rumunske, rusinske, slovena\u010dke, slova\u010dke, \u010de\u0161ke i ukrajinske nacionalne manjine.<\/p>\n<p>&nbsp;<\/p>\n<p>Republi\u010dka izborna komisija je na 50. sednici, odr\u017eanoj 31. oktobra, donela re\u0161enja o dodeli mandata \u010dlanova nacionalnih saveta a\u0161kalijske, bugarske, bunjeva\u010dke, vla\u0161ke, gr\u010dke, egipatske, ma\u0111arske, nema\u010dke, romske, rumunske, rusinske, slova\u010dke, slovena\u010dke, ukrajinske i \u010de\u0161ke nacionalne manjine<\/p>\n<p>KONFERENCIJA ZA NOVINARE<\/p>\n<p>&nbsp;<\/p>\n<p>Na konferenciji za novinare, odr\u017eanoj 27. marta u 14 \u010dasova, Republi\u010dka izborna komisija saop\u0161tila je privremene rezultate glasanja na izborima za \u010dlanove nacionanih saveta nacionalnih manjina, odr\u017eanim 26. oktobra 2014. godine.<\/p>\n<table width=\"880\">\n<tbody>\n<tr>\n<td width=\"880\"><strong>REZULTATI IZBORA ZA \u010cLANOVE NACIONALNOG SAVETA<\/strong><\/td>\n<\/tr>\n<tr>\n<td width=\"880\"><strong>SLOVENA\u010cKE NACIONALNE MANJINE<\/strong><\/td>\n<\/tr>\n<\/tbody>\n<\/table>\n<p>&nbsp;<\/p>\n<p>Rezultati glasanja:<\/p>\n<table width=\"880\">\n<tbody>\n<tr>\n<td width=\"58\">1.<\/td>\n<td width=\"647\">Broj <strong>utvr\u0111enih bira\u010dkih mesta<\/strong><\/td>\n<td width=\"92\">125<\/td>\n<td width=\"83\"><\/td>\n<\/tr>\n<tr>\n<td width=\"58\">2.<\/td>\n<td width=\"647\">Broj i procenat bira\u010dkih mesta za koja su <strong>obra\u0111eni rezultati<\/strong><\/td>\n<td width=\"92\">125<\/td>\n<td width=\"83\">100.00<\/td>\n<\/tr>\n<tr>\n<td width=\"58\">3.<\/td>\n<td width=\"647\">Broj i procenat bira\u010dkih mesta za koja <strong>nisu obra\u0111eni rezultati<\/strong><\/td>\n<td width=\"92\">0<\/td>\n<td width=\"83\">0.00<\/td>\n<\/tr>\n<tr>\n<td width=\"58\">4.<\/td>\n<td width=\"647\">Broj <strong>bira\u010da upisanih <\/strong>u bira\u010dki spisak<\/td>\n<td width=\"92\">1,742<\/td>\n<td width=\"83\"><\/td>\n<\/tr>\n<tr>\n<td width=\"58\">5.<\/td>\n<td width=\"647\">Broj i procenat bira\u010da koji su <strong>glasali<\/strong><\/td>\n<td width=\"92\">713<\/td>\n<td width=\"83\">40.93<\/td>\n<\/tr>\n<tr>\n<td width=\"58\">6.<\/td>\n<td width=\"647\">Broj <strong>primljenih<\/strong> glasa\u010dkih listi\u0107a<\/td>\n<td width=\"92\">1,740<\/td>\n<td width=\"83\"><\/td>\n<\/tr>\n<tr>\n<td width=\"58\">7.<\/td>\n<td width=\"647\">Broj <strong>neupotrebljenih<\/strong> glasa\u010dkih listi\u0107a<\/td>\n<td width=\"92\">1,025<\/td>\n<td width=\"83\"><\/td>\n<\/tr>\n<tr>\n<td width=\"58\">8.<\/td>\n<td width=\"647\">Broj i procenat glasa\u010dkih listi\u0107a koji<strong> nisu uba\u010deni <\/strong>u glasa\u010dke kutije<\/td>\n<td width=\"92\">1<\/td>\n<td width=\"83\">0.14<\/td>\n<\/tr>\n<tr>\n<td width=\"58\">9.<\/td>\n<td width=\"647\">Broj i procenat glasa\u010dkih listi\u0107a koji se <strong>nalaze u glasa\u010dkim<\/strong> <strong>kutijama<\/strong><\/td>\n<td width=\"92\">712<\/td>\n<td width=\"83\">99.86<\/td>\n<\/tr>\n<tr>\n<td width=\"58\">10.<\/td>\n<td width=\"647\">Broj i procenat <strong>neva\u017ee\u0107ih<\/strong> glasa\u010dkih listi\u0107a<\/td>\n<td width=\"92\">3<\/td>\n<td width=\"83\">0.42<\/td>\n<\/tr>\n<tr>\n<td width=\"58\">11.<\/td>\n<td width=\"647\">Broj i procenat <strong>va\u017ee\u0107ih<\/strong> glasa\u010dkih listi\u0107a<\/td>\n<td width=\"92\">709<\/td>\n<td width=\"83\">99.44<\/td>\n<\/tr>\n<\/tbody>\n<\/table>\n<p>&nbsp;<\/p>\n<p>Izborne liste prema redosledu prijavljivanja:<\/p>\n<table width=\"880\">\n<tbody>\n<tr>\n<td width=\"58\">RBR<\/td>\n<td width=\"448\">Naziv izborne liste<\/td>\n<td width=\"108\">Broj glasova koje je lista dobila<\/td>\n<td width=\"90\">Procenat od broja bira\u010da koji su glasali<\/td>\n<td width=\"92\">Broj&nbsp;osvojenih mandata<\/td>\n<td width=\"83\">Procenat&nbsp;&nbsp;osvojenih mandata<\/td>\n<\/tr>\n<tr>\n<td width=\"58\">1<\/td>\n<td width=\"448\">SLOVENCI ZAJEDNO &#8211; SLOVENCI SKUPAJ<\/td>\n<td width=\"108\">400<\/td>\n<td width=\"90\">56.10<\/td>\n<td width=\"92\">9<\/td>\n<td width=\"83\">60.00<\/td>\n<\/tr>\n<tr>\n<td width=\"58\">2<\/td>\n<td width=\"448\">SVI ZAJEDNO ZORAN JOVI\u010cI\u0106<\/td>\n<td width=\"108\">309<\/td>\n<td width=\"90\">43.34<\/td>\n<td width=\"92\">6<\/td>\n<td width=\"83\">40.00<\/td>\n<\/tr>\n<tr>\n<td width=\"58\"><\/td>\n<td width=\"448\"><\/td>\n<td width=\"108\"><\/td>\n<td width=\"90\"><\/td>\n<td width=\"92\"><\/td>\n<td width=\"83\"><\/td>\n<\/tr>\n<\/tbody>\n<\/table>\n<p>&nbsp;<\/p>\n<p>&nbsp;<\/p>\n<h2>IZBORI ZA NOVI SAZIV NACIONALNOG SAVETA SLOVENA\u010cKE NACIONALNE MANJINE<\/h2>\n<p>&nbsp;<\/p>\n<p>Nacionalni savet slovena\u010dke nacionalne manjine poziva sve gra\u0111ane upisane u posebni bira\u010dki spisak slovena\u010dke nacionalne manjine da iza\u0111u na izbore u nedelju, 26. oktobra, u \u0161to ve\u0107em broju i time pomognu&nbsp;u formiranju novog Nacionalnog saveta koji \u0107e nas predstavljati u narednom mandatu<\/p>\n<p>&nbsp;<\/p>\n<p>&nbsp;<\/p>\n<h2>U susret izborima za nacionalne savete nacionalni<wbr>h manjina&#8220; 23.10.2014 u Beogradu<\/h2>\n<p>&nbsp;<\/p>\n<div>Zadovoljstvo nam je da Vas pozovemo da prisustvujete Konferenciji &#8222;U susret<span style=\"font-family: arial, helvetica, sans-serif;\">izborima za nacionalne savete nacionalnih manjina 2014&#8243; u okviru projekta &#8222;Minority News&#8220;.<\/span><\/div>\n<div><span style=\"font-family: arial, helvetica, sans-serif;\"><br \/>\n<\/span><\/div>\n<div><span style=\"font-family: arial, helvetica, sans-serif;\">Skup \u0107e biti odr\u017ean&nbsp;<span style=\"text-decoration: underline;\">u \u010detvrtak, 23. oktobra, u Velikoj sali Medija Centra, ulica Terazije 3, Beograd, II sprat, sa po\u010detkom u 10 \u010dasova.&nbsp;<\/span>Planirano vreme trajanja konferencije je 90 minuta.&nbsp;U prilogu Vam dostavljamo nacrt Programa.<\/span><\/div>\n<div>\n<p><span style=\"font-family: arial, helvetica, sans-serif;\">Konferenciji su pozvani da prisustvuju pored \u010dlanova&nbsp;Nacionalnih saveta nacionalnih manjina i vode\u0107i ljudi&nbsp;Ministarstva dr\u017eavne uprave i lokalne samouprave, Kancelarije za ljudska i manjinska prava, Republi\u010dke izborne komisije, Delegacije Evropske Unije u Begradu, Kancelarije OSCE u Beogradu i mediji.<\/span><\/p>\n<p><span style=\"font-family: arial, helvetica, sans-serif;\">Ovaj skup \u0107e biti jo\u0161 jedna prilika da se preko medija uka\u017ee na zna\u010daj izlaska predstavnika nacionalnih manjina na izbore za nacionalne savete nacionalnih manjina zakazane za 26. oktobar.<\/span><\/p>\n<p><span style=\"font-family: arial, helvetica, sans-serif;\">Molimo Vas da Va\u0161e prisustvo potvrdite do utorka, 21. oktobra,&nbsp;<\/span>na email&nbsp;<a href=\"mailto:office@cms.org.rs\" target=\"_blank\" rel=\"noopener\">office@cms.org.rs<\/a>. ili&nbsp;na broj telefon 011\/2180-513<\/p>\n<\/div>\n<p>&nbsp;<\/p>\n<h2>ZBIRNE IZBORNE LISTE KANDIDATA ZA \u010cLANOVE NACIONALNOG SAVETA SLOVENA\u010cKE NACIONALNE MANJINE<\/h2>\n<div><\/div>\n<div><span style=\"font-family: 'Times New Roman', sans-serif;\">Republi\u010dka izborna komisija je na 40. sednici, odr\u017eanoj 15. oktobra 2014. godine, donela re\u0161enja o utvr\u0111ivanju zbirnih izbornih lista pa tako i&nbsp;<\/span><br \/>\n<span style=\"font-family: 'Times New Roman', sans-serif;\">&#8211; Zbirna izborna lista kandidata za izbore za \u010dlanove Nacionalnog saveta slovena\u010dke nacionalne manjine, raspisane za 26. oktobar 2014. godine i to:<\/span><br \/>\n<span style=\"font-family: 'Times New Roman', sans-serif;\">1. SLOVENCI ZAJEDNO &#8211; SLOVENCI SKUPAJ<\/span><span style=\"font-family: 'Times New Roman', sans-serif;\"><br \/>\n<\/span><span style=\"font-family: 'Times New Roman', sans-serif;\">2. SVI ZAJEDNO ZORAN JOVI\u010cI\u0106<\/span><\/div>\n<div><\/div>\n<div><\/div>\n<div>Vi\u0161e o tome:<\/div>\n<div><\/div>\n<div><\/div>\n<div><a href=\"https:\/\/slovenci.rs\/sl\/izbori-za-nove-sazive-nacionalnih-saveta-nacionalnih-manjina\/\">https:\/\/slovenci.rs\/izbori-za-nove-sazive-nacionalnih-saveta-nacionalnih-manjina<\/a>\/<\/div>\n<p>&nbsp;<\/p>\n<h1><\/h1>\n<h1><span style=\"font-family: 'Times New Roman', sans-serif;\">Zaklju\u010den poseban bira\u010dki spisak nacionalnih manjina<\/span><\/h1>\n<p><span style=\"font-family: 'Times New Roman', sans-serif;\">Ministarka dr\u017eavne uprave i lokalne samouprave dr Kori Udovi\u010dki, dana 10. oktobra 2014. godine u 24 \u010dasa donela je Re\u0161enje o zaklju\u010denju posebnog bira\u010dkog spiska nacionalnih manjina, na osnovu \u010dlana 80. Zakona o nacionalnim savetima nacionalnih manjina. Re\u0161enjem o zaklju\u010denju posebnog bira\u010dkog spiska nacionalnih manjina utvr\u0111eno je da je u poseban bira\u010dki spisak nacionalne manjine, na dan 10. oktobar 2014. godine u 24 \u010dasa upisano ukupno 487.371 bira\u010da, koji \u0107e prema bira\u010dkim mestima koje je utvrdila Republi\u010dka izborna komisija, glasati na 880 bira\u010dkih mesta u Republici Srbiji. To je od dono\u0161enja Re\u0161enja o privremnom zaklju\u010denju posebnog bira\u010dkog spiska, 24. avgusta 2014. godine, pa do dono\u0161enja Re\u0161enja o zaklju\u010denju posebnog bira\u010dkog spiska pove\u0107an broj za oko 30.000 novih bira\u010da.&nbsp;<\/span><br \/>\n<span style=\"font-family: 'Times New Roman', sans-serif;\">Re\u0161enje \u0107e u skladu sa zakonom biti objavljeno u Slu\u017ebenom glasniku Republike Srbije i dostavljeno Republi\u010dkoj izbornoj komisiji, koja je u skladu sa zakonom organ nadle\u017ean za rukovo\u0111enje i sprovo\u0111enje izbora za \u010dlanove nacionalnih saveta nacionalnih manjina.<\/span><br \/>\n<span style=\"font-family: 'Times New Roman', sans-serif;\">U skladu sa Odlukom o raspisivanju izbora za \u010dlanove nacionalnih saveta nacionalnih manjina, kojom je odre\u0111eno da \u0107e se izbori odr\u017eati 26. oktobra 2014. godine, 17 nacionalnih manjina bira\u0107e svoje \u010dlanove za nacionalne savete nacionalnih manjina na neposrednim izborima i to: albanska, a\u0161kalijska, bo\u0161nja\u010dka, bugarska, bunjeva\u010dka, vla\u0161ka, gr\u010dka, egipatska, ma\u0111arska, nema\u010dka, romska, rumunska, rusinska, slova\u010dka, slovena\u010dka, ukrajinska, \u010de\u0161ka, dok \u0107e 3 nacionalne manjine birati svoje \u010dlanove za nacionalne savete putem elektorske skup\u0161tine, i to: makedonska, hrvatska i crnogorska. Shodno pozivu Ministarstva svim elektorima da blagovremeno podnesu potpune pismene prijave za u\u010de\u0161\u0107e u elektorskoj skup\u0161tini, pripadnici nacionalnih manjina su podneli Ministarstvu na potvr\u0111ivanje ukupno 340 elektorskih prijava. Upisanih bira\u010da za neposredne izbore za \u010dlanove nacionalnih saveta je ukupno 454.596, a za izbore putem elktorske skup\u0161tine je ukupno 32.775 bira\u010da.<\/span><br \/>\n<span style=\"font-family: 'Times New Roman', sans-serif;\">Tako\u0111e, po prvi put su prevedeni relevantni zakonski i podzakonski akti i sva uputstva RIK za sprovo\u0111enje izbora, na jedanaest jezika nacionalnih manjina koji su u slu\u017ebenoj upotrebi u Republici Srbiji: albanski, bo\u0161nja\u010dki, bugarski, hrvatski, \u010de\u0161ki, ma\u0111arski, makedonski, crnogorski, slova\u010dki, rumunski, rusinski i time je data mogu\u0107nost pripadnicima nacionalnih manjina da se sa izbornim zakonima, pravilima i procedurama upoznaju na svom jeziku<\/span><\/p>\n<p>&nbsp;<\/p>\n<p><a href=\"http:\/\/www.mduls.gov.rs\/latinica\/aktivnosti-saopstenja.php\" target=\"_blank\" rel=\"noopener\">http:\/\/www.mduls.gov.rs\/<wbr>latinica\/aktivnosti-<wbr>saopstenja.php<\/a><\/p>\n<p>&nbsp;<\/p>\n<h2>IZBORI ZA NOVE SAZIVE NACIONALNIH SAVETA NACIONALNIH MANJINA<\/h2>\n<p>&nbsp;<\/p>\n<p>Republi\u010dka izborna komisija je na 34. sednici Republi\u010dke izborne komisije donela Re\u0161enje kojim se progla\u0161ava Izborna lista SLOVENCI ZAJEDNO &#8211; SLOVENCI SKUPAJ za neposredne izbore za \u010dlanove Nacionalnog saveta slovena\u010dke nacionalne manjine, raspisane za 26. oktobar 2014. godine.<\/p>\n<p>SLOVENCI ZAJEDNO &#8211; SLOVENCI SKUPAJ<\/p>\n<p>1. Sa\u0161a Verbi\u010d, 1948, dipl. in\u017eenjer hemijski tehnolog, Beograd<br \/>\n2. Maja \u0110ukanovi\u0107, 1962, profesor filolo\u0161kog fakulteta, Novi Beograd<br \/>\n3. Anica Sabo, 1954, profesor fakulteta muzi\u010dkih umetnosti, Beograd<br \/>\n4. Imre \u0160oti, 1963, dipl. ekonomista, Subotica<br \/>\n5. Josip Veber, 1968, dipl. geograf. -turizmolog, Pan\u010devo<br \/>\n6. Vida Popovi\u0107, 1953, dipl. ekonomista, Beograd<br \/>\n7. Ana Kocjan, 1975, konzervator, Beograd<br \/>\n8. Sa\u0161a Radi\u0107, 1982, dipl. pravnik, Kostolac<br \/>\n9. Dragomir Zupanc, 1946, TV reditelj, Beograd<br \/>\n10. Marija Vauda Pilipovi\u0107, 1961, diplomirani vajar, Beograd<br \/>\n11. Andrija Dimitrijevi\u0107, 1954, profesor fakulteta dramskih umetnosti, Novi Beograd<br \/>\n12. Ana Juvanec &#8211; Gerden, 1931, doma\u0107ica, Beograd<br \/>\n13. Aleksandar Ermenc, 1989, dipl. menad\u017eer, Kovin<br \/>\n14. Vesna Radakovi\u0107, 1965, profesor srednje \u0161kole, Kragujevac<br \/>\n15. Galina Vrta\u010dnik, 1974, dipl. vaspita\u010d, Beograd<\/p>\n<p>Republi\u010dka izborna komisija je na 35. sednici Republi\u010dke izborne komisije, donela Re\u0161enje kojim se progla\u0161ava Izborna lista SVI ZAJEDNO ZORAN JOVI\u010cI\u0106 za neposredne izbore za \u010dlanove Nacionalnog saveta slovena\u010dke nacionalne manjine, raspisane za 26. oktobar 2014. godine.<\/p>\n<p>SVI ZAJEDNO ZORAN JOVI\u010cI\u0106<\/p>\n<p>1. Zoran Jovi\u010di\u0107, 1960, penzioner, Ruma<br \/>\n2. Zoran Uli\u0107, 1950, penzioner, Beograd<br \/>\n3. Silva Martinec, 1968, strukovni vaspita\u010d, Novi Sad<br \/>\n4. Ivica Gruden, 1955, privatni preduzetnik, Ni\u0161<br \/>\n5. Miroslav Pilju\u0161i\u0107, 1949, profesor engleskog jezika, Zaje\u010dar<br \/>\n6. Elza Ajdukovi\u0107, 1961, SSS, Novi Sad<br \/>\n7. Vladimir Krav\u010duk, 1950, dipl. ekonomista, Beograd<br \/>\n8. Zoran Mandelc, 1951, penzioner, Kru\u0161evac<br \/>\n9. Milena Spremo, 1978, magistar filozofskih nauka, Zrenjanin<br \/>\n10. Boris Beravs, 1953, penzioner, Novi Beograd<br \/>\n11. Branko Barna, 1951, penzioner, Gudurica<br \/>\n12. Elizabeta Ra\u0161i\u0107, 1956, lekar &#8211; pulmolog, Bor<br \/>\n13. Stojan Stefanovi\u0107, 1967, dipl. ma\u0161inski in\u017eenjer, Kragujevac<br \/>\n14. Sr\u0111an Miti\u0107, 1982, radnik &#8211; komercijalista, Gornje Stopanje<\/p>","protected":false},"excerpt":{"rendered":"<p>SEDNICE REPUBLI\u010cKE IZBORNE KOMISIJE &nbsp; Republi\u010dka izborna komisija je na 49. sednici, odr\u017eanoj 29. oktobra, utvrdila Izve\u0161taj o ukupnim rezultatima izbora za \u010dlanove nacionalnih saveta a\u0161kalijske, bunjeva\u010dke, bugarske, vla\u0161ke, gr\u010dke, egipatske, ma\u0111arske, nema\u010dke, romske, rumunske, rusinske, slovena\u010dke, slova\u010dke, \u010de\u0161ke i ukrajinske nacionalne manjine. &nbsp; Republi\u010dka izborna komisija je na 50. sednici, odr\u017eanoj 31. oktobra, donela [&hellip;]<\/p>\n","protected":false},"author":1,"featured_media":0,"parent":0,"menu_order":0,"comment_status":"closed","ping_status":"closed","template":"","meta":{"footnotes":""},"class_list":["post-1764","page","type-page","status-publish","hentry","post"],"_links":{"self":[{"href":"https:\/\/slovenci.rs\/sl\/wp-json\/wp\/v2\/pages\/1764","targetHints":{"allow":["GET"]}}],"collection":[{"href":"https:\/\/slovenci.rs\/sl\/wp-json\/wp\/v2\/pages"}],"about":[{"href":"https:\/\/slovenci.rs\/sl\/wp-json\/wp\/v2\/types\/page"}],"author":[{"embeddable":true,"href":"https:\/\/slovenci.rs\/sl\/wp-json\/wp\/v2\/users\/1"}],"replies":[{"embeddable":true,"href":"https:\/\/slovenci.rs\/sl\/wp-json\/wp\/v2\/comments?post=1764"}],"version-history":[{"count":15,"href":"https:\/\/slovenci.rs\/sl\/wp-json\/wp\/v2\/pages\/1764\/revisions"}],"predecessor-version":[{"id":5246,"href":"https:\/\/slovenci.rs\/sl\/wp-json\/wp\/v2\/pages\/1764\/revisions\/5246"}],"wp:attachment":[{"href":"https:\/\/slovenci.rs\/sl\/wp-json\/wp\/v2\/media?parent=1764"}],"curies":[{"name":"wp","href":"https:\/\/api.w.org\/{rel}","templated":true}]}}