{"id":2939,"date":"2017-05-12T12:16:52","date_gmt":"2017-05-12T10:16:52","guid":{"rendered":"https:\/\/slovenci.rs\/?page_id=2939"},"modified":"2017-05-12T14:09:28","modified_gmt":"2017-05-12T12:09:28","slug":"uvodna-rec","status":"publish","type":"page","link":"https:\/\/slovenci.rs\/sl\/uvodna-rec\/","title":{"rendered":"Uvodna re\u010d"},"content":{"rendered":"<p>&nbsp;<\/p>\n<p>Nacionalni savet slovena\u010dke nacionalne manjine u Srbiji odlu\u010dio je na svojoj 5. redovnoj sednici, 27. juna 2015, da zapo\u010dne sa izdavanjem svog \u010dasopisa za kulturu, nauku i obrazovanje, koji \u0107e objavljivati i prikazivati delovanje, istra\u017eivanje i razmi\u0161ljanje pojedinaca koji se u Srbiji, Sloveniji i drugde bave navedenim temama.<\/p>\n<p>Osnovna ideja pri osnivanju \u010casopisa za kulturu, nauku i obrazovanje bila je da se u okviru jedne publikacije prika\u017ee istra\u017eivanje i razmi\u0161ljanje autora koji se bave ovim podru\u010djima u Srbiji i Sloveniji i da objavljuje \u010dlanke koji \u0107e na stru\u010dnom nivou zdru\u017eiti i povezati razli\u010dita stvarala\u010dka i istra\u017eiva\u010dka podru\u010dja, ona koja se u bilo kakvom smislu ti\u010du Slovenije i\/ili Srbije. Do sada su o kulturi i kulturnim doga\u0111ajima izve\u0161tavali pre svega bilteni pojedinih slovena\u010dkih dru\u0161tava u Srbiji, koji su na svojim stranicama objavljivali kratke izve\u0161taje o priredbama i projektima pripremljenim u okviru odre\u0111enog dru\u0161tva. Zato smo odlu\u010dili da Nacionalni savet slovena\u010dke nacionalne manjine, kao centralna organizacija koja okuplja sve Slovence u Srbiji bez obzira na njihovo \u010dlanstvo ili ne u pojedina\u010dnim dru\u0161tvima, postane nadle\u017ean za izdavanje publikacije koja \u0107e udru\u017eiti razmi\u0161ljanje i rad svih koji se u Srbiji ili u Sloveniji bave kulturom, naukom, obrazovanjem i u\u010denjem, te likovnim i literarnim stvarala\u0161tvom, kao i onih \u010diji se radovi doti\u010du jednog ili drugog kulturnog prostora.<\/p>\n<p>Naziv \u010dasopisa <em>Slovenika<\/em> [<sup>1]<\/sup> izabrali smo tako da \u010ditaocu odmah bude jasno da se radi o \u010dasopisu namenjenom pre svega slovena\u010dkoj kulturi i njenom uva\u017eavanju \u2212 odnosno sa\u017eivotu u srpskom kulturnom prostoru, te da bi, tako\u0111e, bio jasno prepoznatljiv i u Sloveniji, odnosno \u2212 u me\u0111unarodnoj sredini. Tako\u0111e, naslovna strana, koju je oblikovala vizuelna umetnica Marija Vauda, zasnovana je tako da \u0107e se motiv pe\u0161\u010danog sata, koji je autorka zamislila kao simbol prelivanja energije i simbioze dveju kultura, te neprekidnog toka istorijskog, duhovnog i intimnog vremena njenih predstavnika, pojavljivati na naslovnoj strani svakog izdanja <em>Slovenike <\/em>\u2013 uvek isti, a ipak malo promenjen \u2212 i na simboli\u010dan na\u010din upozoravati na razli\u010dite uglove gledanja pripadnik\u00e2 obeju kultura.<\/p>\n<p>Me\u0111unarodnu redakciju \u010dasopisa <em>Slovenika <\/em>\u010dine ugledni predstavnici slovena\u010dke nacionalne manjine u Srbiji, koji su svojim delovanjem dokazali veliku predanost slovena\u010dkoj kulturi i njenom o\u010duvanju, jer su svojim radom doprineli boljem poznavanju i produbljenom razumevanju slovena\u010dke kulture u Srbiji, kao i stru\u010dnjaci iz Slovenije i Srbije koji su svojim radom na jedan ili drugi na\u010din povezani sa slovena\u010dkom kulturom na ovom prostoru, te koji mogu \u2212 kao izvrsni intelektualci i stvaraoci \u2212 da doprinesu kvalitetu na\u0161eg \u010dasopisa.<\/p>\n<p>\u010casopis \u0107e izlaziti u elektronskom i \u0161tampanom obliku, bi\u0107e dvojezi\u010dan, sa idejom da se svaki od autora mo\u017ee izra\u017eavati na jeziku koji mu najvi\u0161e odgovara. Ova sloboda nam se \u010dini jo\u0161 zna\u010dajnijom zato \u0161to smo kao predstavnici manjine u posebnoj obavezi unapre\u0111ivanja interkulturalnosti i pozitivnog dijaloga me\u0111u razli\u010ditim kulturama. Verujemo da \u0107emo tako doprineti boljem me\u0111usobnom razumevanju i da \u0107emo nau\u010diti da \u010ditamo, po\u0161tujemo i cenimo jedni druge.<\/p>\n<p>Na\u0161 cilj je da <em>Slovenika <\/em>postane redovna publikacija, koja \u0107e u narednim brojevima objavljivati stru\u010dne \u010dlanke vrhunskih autora i, \u0161to je jo\u0161 va\u017enije, koja \u0107e pridobiti svoje redovne \u010ditaoce. Nadamo se da \u0107emo preko na\u0161eg \u010dasopisa uspeti da prika\u017eemo slovena\u010dku manjinu u Srbiji u novom svetlu i nadamo se, tako\u0111e, da \u0107e \u010dasopis vremenom postati prepoznatljiv me\u0111u \u010ditaocima u Sloveniji i me\u0111u slovena\u010dkim \u010ditaocima \u0161irom sveta. Tako\u0111e se nadamo da \u0107e <em>Slovenika <\/em>uspeti da sebi utre put i prona\u0111e svoje mesto me\u0111u sli\u010dnim publikacijama.<\/p>\n<p style=\"text-align: right;\">Sa\u0161a Verbi\u010d<br \/>\nPredsednik Nacionalnog saveta<br \/>\nslovena\u010dke nacionalne manjine<br \/>\nBeograd, Srbija<\/p>\n<p><sup>[1]<\/sup> U skladu sa Re\u010dnikom slovena\u010dkog knji\u017eevnog jezika, re\u010d <em>slovenika <\/em>zna\u010di \u201eknjiga, izdavanje slovena\u010dkih dela i dela o slovena\u010dkom jeziku i knji\u017eevnosti.\u201c <a href=\"http:\/\/bos.zrcsazu.si\/cgi\/a03.exe?name=sskj_testa%20&amp;expression=slovenika&amp;hs=1http:\/\/\" target=\"_blank\">http:\/\/bos.zrcsazu.si\/cgi\/a03.exe?name=sskj_testa &amp;expression=slovenika&amp;hs=1<\/a><\/p>\n","protected":false},"excerpt":{"rendered":"<p>&nbsp; Nacionalni savet slovena\u010dke nacionalne manjine u Srbiji odlu\u010dio je na svojoj 5. redovnoj sednici, 27. juna 2015, da zapo\u010dne sa izdavanjem svog \u010dasopisa za kulturu, nauku i obrazovanje, koji \u0107e objavljivati i prikazivati delovanje, istra\u017eivanje i razmi\u0161ljanje pojedinaca koji se u Srbiji, Sloveniji i drugde bave navedenim temama. Osnovna ideja pri osnivanju \u010casopisa za [&hellip;]<\/p>\n","protected":false},"author":1,"featured_media":0,"parent":0,"menu_order":0,"comment_status":"closed","ping_status":"closed","template":"","meta":{"footnotes":""},"class_list":["post-2939","page","type-page","status-publish","hentry","post"],"_links":{"self":[{"href":"https:\/\/slovenci.rs\/sl\/wp-json\/wp\/v2\/pages\/2939","targetHints":{"allow":["GET"]}}],"collection":[{"href":"https:\/\/slovenci.rs\/sl\/wp-json\/wp\/v2\/pages"}],"about":[{"href":"https:\/\/slovenci.rs\/sl\/wp-json\/wp\/v2\/types\/page"}],"author":[{"embeddable":true,"href":"https:\/\/slovenci.rs\/sl\/wp-json\/wp\/v2\/users\/1"}],"replies":[{"embeddable":true,"href":"https:\/\/slovenci.rs\/sl\/wp-json\/wp\/v2\/comments?post=2939"}],"version-history":[{"count":3,"href":"https:\/\/slovenci.rs\/sl\/wp-json\/wp\/v2\/pages\/2939\/revisions"}],"predecessor-version":[{"id":3054,"href":"https:\/\/slovenci.rs\/sl\/wp-json\/wp\/v2\/pages\/2939\/revisions\/3054"}],"wp:attachment":[{"href":"https:\/\/slovenci.rs\/sl\/wp-json\/wp\/v2\/media?parent=2939"}],"curies":[{"name":"wp","href":"https:\/\/api.w.org\/{rel}","templated":true}]}}