{"id":3137,"date":"2017-08-15T00:24:00","date_gmt":"2017-08-14T22:24:00","guid":{"rendered":"https:\/\/slovenci.rs\/?page_id=3137"},"modified":"2023-02-13T01:56:13","modified_gmt":"2023-02-13T00:56:13","slug":"josip-veber","status":"publish","type":"page","link":"https:\/\/slovenci.rs\/sl\/josip-veber\/","title":{"rendered":"Josip Veber"},"content":{"rendered":"<p>&nbsp;<\/p>\n<p>BIOGRAFIJA<\/p>\n<p style=\"text-align: justify;\">Ro\u0111en u Pan\u010devu 28. aprila 1968. godine. Zavr\u0161io je Srednju ekonomsku \u0161kolu u Pan\u010devu i Srednju saobra\u0107ajnu \u0161kolu u Beogradu. Nakon toga studirao je Vi\u0161u hotelijersku \u0161kolu u Beogradu gde je diplomirao 1997. godine, nakon \u010dega upisuje Prirodno-matemati\u010dki fakultet u Novom Sadu. Studije zavr\u0161ava 2000. godine sa najvi\u0161om ocenom na diplomskom ispitu i upisuje postdiplomske studije. Od 2000. do 2002. godine radio je u \u017deljeznicama Crne Gore kao \u0161ef slu\u017ebe za odnose sa javno\u0161\u0107u. Nakon toga bavio se organizacijom kulturnih programa, koncerata, pozori\u0161nih predstava i raznih izlo\u017ebi na prostorima biv\u0161e SFR Jugoslavije. Od 2008. godine dobija zaposlenje u \u201e\u017deleznicama Srbije\u201c gde radi kao novinar u Medija centru. Osniva\u010d je i prvi predsednik Udru\u017eenja Slovenaca Ju\u017enog Banata \u201eLogarska Dolina\u201c u Pan\u010devu, a od 2014. godine \u010dlan je Nacionalnog saveta slovena\u010dke nacionalne manjine i predsednik Odbora za informisanje.<\/p>\n<p style=\"text-align: justify;\">I dalje je aktivan u organizaciji raznih kulturnih programa, a kao \u010dlan nekoliko kulturno umetni\u010dkih dru\u0161tava uspe\u0161no nastupa kao violinista. Bavi se i izdava\u0161tvom, a do sada je objavio tri knjige iz istorijata \u017eeleznice kao i monografiju \u201eSlovenci u Ju\u017enom Banatu\u201c, prvoj knjizi o Slovencima sa ovih prostora.<\/p>\n<p style=\"text-align: justify;\">Rojen v Pan\u010devu, 28. aprila 1968. leta. Kon\u010dal je Srednjo ekonomsko \u0161olo v Pan\u010devu in Srednjo prometno \u0161olo v Beogradu. Zatem je \u0161tudiral na Vi\u0161ji hotelirski \u0161oli v Beogradu, kjer je leta 1997 tudi diplomiral, nakar se je vpisal na Naravoslovno-matemati\u010dno fakulteto v Novem Sadu. \u0160tudij je z najvi\u0161jo oceno zaklju\u010dil leta 2000 in se takoj vpisal v podiplomski program. Od leta 2000 do 2002 je delal pri \u017deleznicah \u010crne Gore, kot \u0161ef slu\u017ebe za odnose z javnostjo. Zatem se je ukvarjal z organizacijo kulturnih programov, koncertov, gledali\u0161kih predstav in raznih razstav na prostoru biv\u0161e SFR Jugoslavije. Leta 2008 se je zaposlil pri \u017deleznicah Srbije, kjer dela kot novinar v Media centru. Je ustanovitelj in prvi predsednik Dru\u0161tva Slovencev Ju\u017enega Banata Logarska dolina v Pan\u010devu, od 2014. pa tudi \u010dlan Nacionalnega sveta slovenske narodne manj\u0161ine in predsednik Odbora za informiranje. \u0160e naprej deluje kot organizator raznih kulturnih programov in kot \u010dlan ve\u010d kulturnih umetni\u0161kih dru\u0161tev uspe\u0161no nastopa kot violinist. Ukvarja se z zalo\u017eni\u0161tvom, do sedaj je objavil tri knjige o zgodovini \u017eeleznice in monografijo Slovenci v Ju\u017enem Banatu, prvo knjigo o Slovencih na tem podro\u010dju.<\/p>\n<p><a href=\"https:\/\/slovenci.rs\/wp-content\/uploads\/2017\/08\/Josip-Veber.jpg\"><img loading=\"lazy\" decoding=\"async\" class=\"aligncenter size-full wp-image-3139\" src=\"https:\/\/slovenci.rs\/wp-content\/uploads\/2017\/08\/Josip-Veber.jpg\" alt=\"Josip Veber\" width=\"171\" height=\"255\"><\/a><\/p>","protected":false},"excerpt":{"rendered":"<p>&nbsp; BIOGRAFIJA Ro\u0111en u Pan\u010devu 28. aprila 1968. godine. Zavr\u0161io je Srednju ekonomsku \u0161kolu u Pan\u010devu i Srednju saobra\u0107ajnu \u0161kolu u Beogradu. Nakon toga studirao je Vi\u0161u hotelijersku \u0161kolu u Beogradu gde je diplomirao 1997. godine, nakon \u010dega upisuje Prirodno-matemati\u010dki fakultet u Novom Sadu. Studije zavr\u0161ava 2000. godine sa najvi\u0161om ocenom na diplomskom ispitu i [&hellip;]<\/p>\n","protected":false},"author":1,"featured_media":0,"parent":0,"menu_order":0,"comment_status":"closed","ping_status":"closed","template":"","meta":{"footnotes":""},"class_list":["post-3137","page","type-page","status-publish","hentry","post"],"_links":{"self":[{"href":"https:\/\/slovenci.rs\/sl\/wp-json\/wp\/v2\/pages\/3137","targetHints":{"allow":["GET"]}}],"collection":[{"href":"https:\/\/slovenci.rs\/sl\/wp-json\/wp\/v2\/pages"}],"about":[{"href":"https:\/\/slovenci.rs\/sl\/wp-json\/wp\/v2\/types\/page"}],"author":[{"embeddable":true,"href":"https:\/\/slovenci.rs\/sl\/wp-json\/wp\/v2\/users\/1"}],"replies":[{"embeddable":true,"href":"https:\/\/slovenci.rs\/sl\/wp-json\/wp\/v2\/comments?post=3137"}],"version-history":[{"count":6,"href":"https:\/\/slovenci.rs\/sl\/wp-json\/wp\/v2\/pages\/3137\/revisions"}],"predecessor-version":[{"id":5281,"href":"https:\/\/slovenci.rs\/sl\/wp-json\/wp\/v2\/pages\/3137\/revisions\/5281"}],"wp:attachment":[{"href":"https:\/\/slovenci.rs\/sl\/wp-json\/wp\/v2\/media?parent=3137"}],"curies":[{"name":"wp","href":"https:\/\/api.w.org\/{rel}","templated":true}]}}