{"id":3142,"date":"2017-08-15T00:27:27","date_gmt":"2017-08-14T22:27:27","guid":{"rendered":"https:\/\/slovenci.rs\/?page_id=3142"},"modified":"2023-02-13T01:53:52","modified_gmt":"2023-02-13T00:53:52","slug":"sasa-radic","status":"publish","type":"page","link":"https:\/\/slovenci.rs\/sl\/sasa-radic\/","title":{"rendered":"Sa\u0161a Radi\u0107"},"content":{"rendered":"<p>&nbsp;<\/p>\n<p style=\"text-align: justify;\">BIOGRAFIJA<\/p>\n<p style=\"text-align: justify;\">Ro\u0111en 19.08.1982. godine u Po\u017earevcu.<\/p>\n<p style=\"text-align: justify;\">Srednju medicinsku \u0161kolu-smer farmaceutski tehnicar zavr\u0161io je u Po\u017earevcu, Diplomirao je na Pravnom fakultetu Univerziteta u Kragujevcu i stekao stru\u010dni naziv diplomirani pravnik.<\/p>\n<p style=\"text-align: justify;\">Predsednik je Udru\u017eenja Slovenaca iz Kostolca, koje je deo Dru\u0161tva \u201cSava\u201d iz Beograda. Organizovao u\u010denje slovena\u010dkog jezika u Kostolcu kao i Centralnu proslavu \u201cPre\u0161ernov dan\u201d uz prisustvo vi\u0161e od 200 Slovenaca iz cele Srbije, predstavnika Ambasade Republike Slovenije i nadbiskupa Beogradske nadbiskupije. \u010clan je Nacionalnog saveta i izabran je za potpredsednika Izvr\u0161nog odbora Nacionalnog saveta.<\/p>\n<p style=\"text-align: justify;\">Rojen 19.8.1982 v Po\u017earevcu.<\/p>\n<p style=\"text-align: justify;\">Srednjo medicinsko \u0161olo \u2013 smer farmacevtski tehnik je kon\u010dal v Po\u017earevcu, zatem je diplomiral a Pravni fakulteti Univerze v Kragujevcu in pridobil strokovni naziv diplomirani pravnik.<\/p>\n<p style=\"text-align: justify;\">Je predsednik Dru\u0161tva Slovencev iz Kostolca, ki deluje kot del Dru\u0161tva Sava iz Beograda. Organiziral je pou\u010devanje slovenskega jezika v Kostolcu in Centralno proslavo Pre\u0161ernovega dne, ki jo je obiskalo ve\u010d kot 200 Slovencev iz cele Srbije, predstavnikov Veleposlani\u0161tva Republike Slovenije in predstavnikov nad\u0161kofije v Beogradu. Je \u010dlan Nacionalnega sveta, kjer je izbran za podpredsednika Izvr\u0161nega odbora.<\/p>\n<p>&nbsp;<\/p>\n<p style=\"text-align: justify;\"><a href=\"https:\/\/slovenci.rs\/wp-content\/uploads\/2017\/08\/Sa\u0161a-Radi\u0107.jpg\"><img loading=\"lazy\" decoding=\"async\" class=\"aligncenter size-medium wp-image-3143\" src=\"https:\/\/slovenci.rs\/wp-content\/uploads\/2017\/08\/Sa\u0161a-Radi\u0107-170x300.jpg\" alt=\"Sa\u0161a Radi\u0107\" width=\"170\" height=\"300\" srcset=\"https:\/\/slovenci.rs\/wp-content\/uploads\/2017\/08\/Sa\u0161a-Radi\u0107-170x300.jpg 170w, https:\/\/slovenci.rs\/wp-content\/uploads\/2017\/08\/Sa\u0161a-Radi\u0107-581x1024.jpg 581w, https:\/\/slovenci.rs\/wp-content\/uploads\/2017\/08\/Sa\u0161a-Radi\u0107.jpg 626w\" sizes=\"auto, (max-width: 170px) 100vw, 170px\" \/><\/a><\/p>","protected":false},"excerpt":{"rendered":"<p>&nbsp; BIOGRAFIJA Ro\u0111en 19.08.1982. godine u Po\u017earevcu. Srednju medicinsku \u0161kolu-smer farmaceutski tehnicar zavr\u0161io je u Po\u017earevcu, Diplomirao je na Pravnom fakultetu Univerziteta u Kragujevcu i stekao stru\u010dni naziv diplomirani pravnik. Predsednik je Udru\u017eenja Slovenaca iz Kostolca, koje je deo Dru\u0161tva \u201cSava\u201d iz Beograda. Organizovao u\u010denje slovena\u010dkog jezika u Kostolcu kao i Centralnu proslavu \u201cPre\u0161ernov dan\u201d [&hellip;]<\/p>\n","protected":false},"author":1,"featured_media":0,"parent":0,"menu_order":0,"comment_status":"closed","ping_status":"closed","template":"","meta":{"footnotes":""},"class_list":["post-3142","page","type-page","status-publish","hentry","post"],"_links":{"self":[{"href":"https:\/\/slovenci.rs\/sl\/wp-json\/wp\/v2\/pages\/3142","targetHints":{"allow":["GET"]}}],"collection":[{"href":"https:\/\/slovenci.rs\/sl\/wp-json\/wp\/v2\/pages"}],"about":[{"href":"https:\/\/slovenci.rs\/sl\/wp-json\/wp\/v2\/types\/page"}],"author":[{"embeddable":true,"href":"https:\/\/slovenci.rs\/sl\/wp-json\/wp\/v2\/users\/1"}],"replies":[{"embeddable":true,"href":"https:\/\/slovenci.rs\/sl\/wp-json\/wp\/v2\/comments?post=3142"}],"version-history":[{"count":4,"href":"https:\/\/slovenci.rs\/sl\/wp-json\/wp\/v2\/pages\/3142\/revisions"}],"predecessor-version":[{"id":5279,"href":"https:\/\/slovenci.rs\/sl\/wp-json\/wp\/v2\/pages\/3142\/revisions\/5279"}],"wp:attachment":[{"href":"https:\/\/slovenci.rs\/sl\/wp-json\/wp\/v2\/media?parent=3142"}],"curies":[{"name":"wp","href":"https:\/\/api.w.org\/{rel}","templated":true}]}}