{"id":3380,"date":"2018-01-17T15:06:21","date_gmt":"2018-01-17T14:06:21","guid":{"rendered":"https:\/\/slovenci.rs\/?page_id=3380"},"modified":"2018-01-18T15:05:54","modified_gmt":"2018-01-18T14:05:54","slug":"slovenika-iii-2017","status":"publish","type":"page","link":"https:\/\/slovenci.rs\/sl\/slovenika-iii-2017\/","title":{"rendered":"Slovenika III (2017)"},"content":{"rendered":"<p style=\"text-align: center;\"><a href=\"https:\/\/slovenci.rs\/wp-content\/uploads\/2018\/01\/korica-Slovenika-III-naslovna-e1516197232412.jpg\"><img loading=\"lazy\" decoding=\"async\" class=\"aligncenter size-medium wp-image-3373\" src=\"https:\/\/slovenci.rs\/wp-content\/uploads\/2018\/01\/korica-Slovenika-III-naslovna-205x300.jpg\" alt=\"korica Slovenika III naslovna\" width=\"205\" height=\"300\" \/><\/a><\/p>\n<p><a title=\"Impresum \u2013 Slovenika 3\" href=\"https:\/\/slovenci.rs\/sl\/impresum-slovenika-3\/\" target=\"_blank\">Impresum<\/a><\/p>\n<p><strong>Tema broja \/ Tema \u0161tevilke<br \/>\nMigracije i kulturna pro\u017eimanja \/ Migracije in kulturna pre\u017eemanja<\/strong><br \/>\n(urednik broja \/ urednica \u0161tevilke Jadranka \u0110or\u0111evi\u0107 Crnobrnja)<\/p>\n<p>&nbsp;<\/p>\n<h3>Sadr\u017eaj \/ Vsebina<\/h3>\n<p>Jadranka \u0110or\u0111evi\u0107 Crnobrnja<br \/>\n<a href=\"https:\/\/slovenci.rs\/wp-content\/uploads\/2018\/01\/uvodna-rec.pdf\" target=\"_blank\">Uvodna re\u010d<\/a> \/ <a href=\"https:\/\/slovenci.rs\/wp-content\/uploads\/2018\/01\/uvodnik.pdf\" target=\"_blank\">Uvodnik<\/a> \/<a href=\"https:\/\/slovenci.rs\/wp-content\/uploads\/2018\/01\/editorial.pdf\" target=\"_blank\"> Editorial<\/a><\/p>\n<p><strong>Nau\u010dni i stru\u010dni \u010dlanci \/ Znanstveni in strokovni \u010dlanki<\/strong><\/p>\n<p>Marta Stoji\u0107 Mitrovi\u0107<br \/>\n<a title=\"Marta Stoji\u0107 Mitrovi\u0107, Neki izazovi terenskog prou\u010davanja neautorizovanih migracija u etnologiji i antropologiji:  multilokacijska etnografska istra\u017eivanja\" href=\"https:\/\/slovenci.rs\/sl\/marta-stojic-mitrovic-neki-izazovi-terenskog-proucavanja-neautorizovanih-migracija-u-etnologiji-i-antropologiji-multilokacijska-etnografska-istrazivanja\/\" target=\"_blank\">Neki izazovi terenskog prou\u010davanja neautorizovanih migracija u etnologiji i antropologiji:\u00a0 multilokacijska etnografska istra\u017eivanja \/ Nekateri izzivi terenskega prou\u010devanja neavtoriziranih migracij v etnologiji in antropologiji: multilokacijske etnografske raziskave<\/a><\/p>\n<p>Dijana Luki\u0107<br \/>\n<a title=\"Dijana Luki\u0107, \u00bbDrugega skoraj ne ostaja, ko zapustiti milo domovino in si drugje domovja iskati\u00ab ali kratek pregled migracijskih tokov Slovencev v Vojvodino\" href=\"https:\/\/slovenci.rs\/sl\/dijana-lukic-drugega-skoraj-ne-ostaja-ko-zapustiti-milo-domovino-in-si-drugje-domovja-iskati\/\" target=\"_blank\">\u00bbDrugega skoraj ne ostaja, ko zapustiti milo domovino in si drugje domovja iskati\u00ab ali kratek pregled migracijskih tokov Slovencev v Vojvodino \/ \u201eSkoro da nema druge, nego napustiti milu domovinu i tra\u017eiti drugde dom\u201c ili kratak pregled migracionih tokova Slovenaca u Vojvodinu<\/a><\/p>\n<p>Vojislav Martinov<br \/>\n<a title=\"Vojislav Martinov, Slovena\u010dka polka na Fru\u0161koj gori: slovena\u010dki rudari u rudniku uglja u Vrdniku\" href=\"https:\/\/slovenci.rs\/sl\/vojislav-martinov-slovenacka-polka-na-fruskoj-gori-slovenacki-rudari-u-rudniku-uglja-u-vrdniku\/\" target=\"_blank\">Slovena\u010dka polka na Fru\u0161koj gori: slovena\u010dki rudari u rudniku uglja u Vrdniku \/ Slovenska polka na Fru\u0161ki gori: slovenski rudarji v rudniku oglja v Vrdniku<\/a><\/p>\n<p>Gordana Petkovi\u0107<br \/>\n<a title=\"Gordana Petkovi\u0107, Akcija spasavanja dece srpske i slovena\u010dke nacionalnosti iz logora \u0160arvar u Drugom svetskom ratu\" href=\"https:\/\/slovenci.rs\/sl\/gordana-petkovic-akcija-spasavanja-dece-srpske-i-slovenacke-nacionalnosti-iz-logora-sarvar-u-drugom-svetskom-ratu\/\" target=\"_blank\">Akcija spasavanja dece srpske i slovena\u010dke nacionalnosti iz logora \u0160arvar u Drugom svetskom ratu \/ Akcija re\u0161evanja otrok srbske in slovenske narodnosti iz tabori\u0161\u010da S\u00e1rv\u00e1r med drugo svetovno vojno<\/a><\/p>\n<p>Silvija Krejakovi\u0107<br \/>\n<a title=\"Silvija Krejakovi\u0107, Eho ratne traume: na dugim prugama izme\u0111u Maribora i Kraljeva\" href=\"https:\/\/slovenci.rs\/sl\/silvija-krejakovic-eho-ratne-traume-na-dugim-prugama-izmedu-maribora-i-kraljeva\/\" target=\"_blank\">Eho ratne traume: na dugim prugama izme\u0111u Maribora i Kraljeva \/ Odmev vojne travme: na dolgih progah med Mariborom in Kraljevim<\/a><\/p>\n<p>Vesna Bi\u017ei\u0107-Om\u010dikus<br \/>\n<a title=\"Vesna Bi\u017ei\u0107-Om\u010dikus, Srbija u SEM-u, Slovenija u EM-u\" href=\"https:\/\/slovenci.rs\/sl\/vesna-bizic-omcikus-srbija-u-sem-u-slovenija-u-em-u\/\">Srbija u SEM-u, Slovenija u EM-u \/ Srbija v SEM-u, Slovenija v EM-u<\/a><\/p>\n<p><strong>Varia \/ Varia<\/strong><\/p>\n<p>Cvetka Hed\u017eet T\u00f3th<br \/>\n<a title=\"Cvetka Hed\u017eet T\u00f3th, Domoljubje in svetovljanstvo\" href=\"https:\/\/slovenci.rs\/sl\/cvetka-hedzet-toth-domoljubje-in-svetovljanstvo\/\" target=\"_blank\">Domoljubje in svetovljanstvo \/ Ljubav prema domovini i otvorenost prema svetu<\/a><\/p>\n<p>Helena Jane\u017ei\u010d<br \/>\n<a title=\"Helena Jane\u017ei\u010d, Zbirka tiskov Slovencev zunaj RS v Narodni in univerzitetni knji\u017enici v Ljubljani\" href=\"https:\/\/slovenci.rs\/sl\/helena-janezic-zbirka-tiskov-slovencev-zunaj-rs-v-narodni-in-univerzitetni-knjiznici-v-ljubljani\/\" target=\"_blank\">Zbirka tiskov Slovencev zunaj RS v Narodni in univerzitetni knji\u017enici v Ljubljani \/ Zbirka \u0161tampanih izdanja Slovenaca izvan RS u Narodnoj i univerzitetskoj biblioteci u Ljubljani<\/a><\/p>\n<p><strong>Prikazi i osvrti \/ Prikazi in pregledi <\/strong><\/p>\n<p>Jovanka \u0110or\u0111evi\u0107 Jovanovi\u0107, Marija Vu\u010dkovi\u0107<br \/>\n<a title=\"Jovanka \u0110or\u0111evi\u0107 Jovanovi\u0107, Marija Vu\u010dkovi\u0107, Bilateralni projekat \u201eSlovenci u Srbiji \/ Srbi u Sloveniji\u201c (2006\u20132007))\" href=\"https:\/\/slovenci.rs\/sl\/jovanka-dordevic-jovanovic-marija-vuckovic-bilateralni-projekat-slovenci-u-srbiji-srbi-u-sloveniji-2006-2007\/\" target=\"_blank\">Bilateralni projekat \u201eSlovenci u Srbiji \/ Srbi u Sloveniji\u201c (2006\u20132007) \/ Bilateralni projekt \u00bbSlovenci v Srbiji \/ Srbi v Sloveniji\u00ab (2006\u20132007)<\/a><\/p>\n<p>Sofija Miloradovi\u0107<br \/>\n<a title=\"Sofija Miloradovi\u0107, Uz drugo izdanje re\u010dnika odevne kulture u Kanalskoj dolini\" href=\"https:\/\/slovenci.rs\/sl\/sofija-miloradovic-uz-drugo-izdanje-recnika-odevne-kulture-u-kanalskoj-dolini\/\" target=\"_blank\">Uz drugo izdanje re\u010dnika odevne kulture u Kanalskoj dolini \/ Ob drugi izdaji slovarja obla\u010dilne kulture v Kanalski dolini<\/a><\/p>\n<p>Mario Berdi\u010d Codella<br \/>\n<a title=\"Mario Berdi\u010d Codella, Znameniti Slovenci v Beogradu  \u2014  Oris celostne likovne podobe\" href=\"https:\/\/slovenci.rs\/sl\/mario-berdic-codella-znameniti-slovenci-v-beogradu-oris-celostne-likovne-podobe\/\" target=\"_blank\"><em>Znameniti Slovenci v Beogradu<\/em>\u00a0 <em>\u2014<\/em>\u00a0 Oris celostne likovne podobe \/ <em>Znameniti Slovenci u Beogradu<\/em>\u00a0 <em>\u2014<\/em>\u00a0 Opis likovnog izraza<\/a><\/p>\n<p>Nata\u0161a Marjanovi\u0107<br \/>\n<a title=\"Nata\u0161a Marjanovi\u0107, Prikaz zbornika Davorin Jenko (1835\u20131914), Prispevki za kulturo spomina\" href=\"https:\/\/slovenci.rs\/sl\/natasa-marjanovic-prikaz-zbornika-davorin-jenko-1835-1914-prispevki-za-kulturo-spomina\/\" target=\"_blank\">Prikaz zbornika <em>Davorin Jenko (1835\u20131914), Prispevki za kulturo spomina <\/em>\/ Prikaz zbornika <em>Davorin Jenko (1835\u20131914) Prilozi za kulturu se\u0107anja<\/em><\/a><\/p>\n<p>Vinko O\u0161lak<br \/>\n<a title=\"Vinko O\u0161lak, Ivana Vatovec: Kjer \u0161elestijo breze\" href=\"https:\/\/slovenci.rs\/sl\/vinko-oslak-ivana-vatovec-kjer-selestijo-breze\/\" target=\"_blank\">Ivana Vatovec: <em>Kjer \u0161elestijo breze <\/em>\/ Ivana Vatovec: <em>Tamo gde breze \u0161ume<\/em><\/a><\/p>\n<p>Laura Fekonja<br \/>\n<a title=\"Laura Fekonja, Rada Le\u010di\u010d: Slovena\u010dki od A do \u017d\" href=\"https:\/\/slovenci.rs\/sl\/laura-fekonja-rada-lecic-slovenacki-od-a-do-z\/\" target=\"_blank\">Rada Le\u010di\u010d: <em>Slovena\u010dki od A do \u017d<\/em> \/ Rada Le\u010di\u010d: <em>Slovena\u010dki od A do \u017d<\/em><\/a><\/p>\n<p>Tanja Tomazin<br \/>\n<a title=\"Tanja Tomazin, \u00bbSlovenika\u00ab 1 in 2 v Beogradu in Ljubljani\" href=\"https:\/\/slovenci.rs\/sl\/tanja-tomazin-slovenika-1-in-2-v-beogradu-in-ljubljani\/\" target=\"_blank\">\u00bbSlovenika\u00ab 1 in 2 v Beogradu in Ljubljani \/ \u201eSlovenika\u201c 1 i 2 u Beogradu i Ljubljani<\/a><\/p>\n<p><strong>Bele\u0161ke o autorima \/ Podatki o avtorjih<\/strong><\/p>\n<p><a href=\"https:\/\/slovenci.rs\/wp-content\/uploads\/2018\/01\/savet-recenzenti-2017.pdf\" target=\"_blank\">Izdava\u010dki savet i lista recenzenata: imena i afilijacije \/ Svetovalni odbor in seznam recenzentov: imena in afiliacije<\/a><\/p>\n<p><a href=\"https:\/\/slovenci.rs\/wp-content\/uploads\/2018\/01\/politika-srp-2017.pdf\" target=\"_blank\">Politika \u010dasopisa i uputstvo autorima<\/a> \/ <a href=\"https:\/\/slovenci.rs\/wp-content\/uploads\/2018\/01\/politika-slo-2017.pdf\" target=\"_blank\">Politika \u010dasopisa in navodila avtorjem<\/a> \/ <a href=\"https:\/\/slovenci.rs\/wp-content\/uploads\/2018\/01\/policy-2017.pdf\" target=\"_blank\">Journal policy and author quidelines<\/a><\/p>\n<div id=\"post-2305\" class=\"post-2305 page type-page status-publish hentry post clearfix\">\n<div class=\"entry clearfix\">Tekstovi primljeni za objavljivanje na sastanku redakcije 23. 11. 2017. godine \/ Besedila sprejeta za objavo na sestanku redakcije 23. 11. 2017 leta<\/div>\n<\/div>\n<p>\u0160tampanje publikacije finansirano je iz sredstava Ministarstva kulture i informisanja Republike Srbije i Nacionalnog saveta slovena\u010dke nacionalne manjine \/ Tiskanje publikacije je financirano iz sredstev Ministrstva kulture in informiranja Republike Srbije in Nacionalnega sveta slovenske narodne manj\u0161ine<\/p>","protected":false},"excerpt":{"rendered":"<p>Impresum Tema broja \/ Tema \u0161tevilke Migracije i kulturna pro\u017eimanja \/ Migracije in kulturna pre\u017eemanja (urednik broja \/ urednica \u0161tevilke Jadranka \u0110or\u0111evi\u0107 Crnobrnja) &nbsp; Sadr\u017eaj \/ Vsebina Jadranka \u0110or\u0111evi\u0107 Crnobrnja Uvodna re\u010d \/ Uvodnik \/ Editorial Nau\u010dni i stru\u010dni \u010dlanci \/ Znanstveni in strokovni \u010dlanki Marta Stoji\u0107 Mitrovi\u0107 Neki izazovi terenskog prou\u010davanja neautorizovanih migracija u [&hellip;]<\/p>\n","protected":false},"author":1,"featured_media":0,"parent":0,"menu_order":0,"comment_status":"closed","ping_status":"closed","template":"","meta":{"footnotes":""},"class_list":["post-3380","page","type-page","status-publish","hentry","post"],"_links":{"self":[{"href":"https:\/\/slovenci.rs\/sl\/wp-json\/wp\/v2\/pages\/3380","targetHints":{"allow":["GET"]}}],"collection":[{"href":"https:\/\/slovenci.rs\/sl\/wp-json\/wp\/v2\/pages"}],"about":[{"href":"https:\/\/slovenci.rs\/sl\/wp-json\/wp\/v2\/types\/page"}],"author":[{"embeddable":true,"href":"https:\/\/slovenci.rs\/sl\/wp-json\/wp\/v2\/users\/1"}],"replies":[{"embeddable":true,"href":"https:\/\/slovenci.rs\/sl\/wp-json\/wp\/v2\/comments?post=3380"}],"version-history":[{"count":27,"href":"https:\/\/slovenci.rs\/sl\/wp-json\/wp\/v2\/pages\/3380\/revisions"}],"predecessor-version":[{"id":3486,"href":"https:\/\/slovenci.rs\/sl\/wp-json\/wp\/v2\/pages\/3380\/revisions\/3486"}],"wp:attachment":[{"href":"https:\/\/slovenci.rs\/sl\/wp-json\/wp\/v2\/media?parent=3380"}],"curies":[{"name":"wp","href":"https:\/\/api.w.org\/{rel}","templated":true}]}}