{"id":3874,"date":"2019-01-14T14:43:57","date_gmt":"2019-01-14T13:43:57","guid":{"rendered":"https:\/\/slovenci.rs\/?page_id=3874"},"modified":"2019-01-15T12:30:21","modified_gmt":"2019-01-15T11:30:21","slug":"slovenika-iv-2018","status":"publish","type":"page","link":"https:\/\/slovenci.rs\/sl\/slovenika-iv-2018\/","title":{"rendered":"Slovenika IV (2018)"},"content":{"rendered":"<p><strong><a href=\"https:\/\/slovenci.rs\/wp-content\/uploads\/2019\/01\/korica_Slovenika_IV.jpg\"><img loading=\"lazy\" decoding=\"async\" class=\"aligncenter size-medium wp-image-3876\" src=\"https:\/\/slovenci.rs\/wp-content\/uploads\/2019\/01\/korica_Slovenika_IV-206x300.jpg\" alt=\"korica_Slovenika_IV\" width=\"206\" height=\"300\" srcset=\"https:\/\/slovenci.rs\/wp-content\/uploads\/2019\/01\/korica_Slovenika_IV-206x300.jpg 206w, https:\/\/slovenci.rs\/wp-content\/uploads\/2019\/01\/korica_Slovenika_IV-706x1024.jpg 706w, https:\/\/slovenci.rs\/wp-content\/uploads\/2019\/01\/korica_Slovenika_IV.jpg 1956w\" sizes=\"auto, (max-width: 206px) 100vw, 206px\" \/><\/a><\/strong><\/p>\n<p><a title=\"Impresum \u2013 Slovenika 4\" href=\"https:\/\/slovenci.rs\/sl\/impresum-slovenika-4\/\" target=\"_blank\"><strong>Impresum<\/strong><\/a><\/p>\n<p><strong>Tema broja \/ Tema \u0161tevilke<br \/>\nUmetni\u010dka preplitanja u srpsko-slovena\u010dkom kulturnom prostoru<\/strong> \/ <strong>Umetni\u0161ka prepletanja na srbsko-slovenskem kulturnem podro\u010dju<\/strong> (urednica broja \/ urednica \u0161tevilke Lada Stevanovi\u0107)<\/p>\n<p>&nbsp;<\/p>\n<h3>Sadr\u017eaj \/ Vsebina<\/h3>\n<p>Lada Stevanovi\u0107<br \/>\n<a title=\"Lada Stevanovi\u0107, Uvodna re\u010d\" href=\"https:\/\/slovenci.rs\/sl\/uvodnik-2018\/\" target=\"_blank\">Uvodna re\u010d \/ Uvodnik \/ Editorial<\/a><\/p>\n<p><strong>Nau\u010dni i stru\u010dni \u010dlanci \/ Znanstveni in strokovni \u010dlanki<\/strong><\/p>\n<p>Ljiljana Dubljevi\u0107 Vojki\u0107<br \/>\n<a title=\"Ljiljana Dubljevi\u0107 Vojki\u0107,  Anita Mezetova \u2013 \u017eivot posve\u0107en umetnosti\" href=\"https:\/\/slovenci.rs\/sl\/vojkic-dubljevic-2018\/\" target=\"_blank\"><em>Anita Mezetova <\/em>\u00a0\u0336 \u00a0<em>\u017eivot posve\u0107en umetnosti \/ <\/em><em>Anita Mezetova <\/em>\u00a0\u0336\u00a0 \u017eivljenje, posve\u010deno umetnosti<\/a><\/p>\n<p>Ervina Dabi\u017einovi\u0107<br \/>\n<a title=\"Ervina Dabi\u017einovi\u0107, Vida Matjan \u2013 du\u0161a svega, uspje\u0161na Slovenka u Crnoj Gori\" href=\"https:\/\/slovenci.rs\/sl\/dabizinovic-2018\/\" target=\"_blank\">Vida Matjan \u00a0\u0336 \u00a0<em>du\u0161a svega<\/em>, uspje\u0161na Slovenka u Crnoj Gori \/ Vida Matjan \u00a0\u0336\u00a0 <em>du\u0161a vsega<\/em>, uspe\u0161na Slovenka v \u010crni Gori<\/a><\/p>\n<p>Sanja Koji\u0107 Mladenov<br \/>\n<a title=\"Sanja Koji\u0107 Mladenov, Lidija Srebotnjak Pri\u0161i\u0107 \u2013 profesionalni identitet intermedijske umetnice i profesorke\" href=\"https:\/\/slovenci.rs\/sl\/kojic-mladenov-2018\/\" target=\"_blank\">Lidija Srebotnjak Pri\u0161i\u0107 \u2013 profesionalni identitet intermedijske umetnice i profesorke \/ Lidija Srebotnjak Pri\u0161i\u0107 \u2013 profesionalna identiteta intermedijske umetnice in profesorice<\/a><\/p>\n<p>Aleksandra Stamenkovi\u0107<br \/>\n<a title=\"Aleksandra Stamenkovi\u0107, Doprinos Jo\u017eeta Ple\u010dnika arhitekturi Beograda\" href=\"https:\/\/slovenci.rs\/sl\/stamenkovic-2018\/\" target=\"_blank\">Doprinos Jo\u017eeta Ple\u010dnika arhitekturi Beograda \/ Prispevek Jo\u017eeta Ple\u010dnika k arhitekturi Beograda<\/a><\/p>\n<p>Ivana Kronja<br \/>\n<a title=\"Ivana Kronja, Neke autorske tendencije u savremenom slovena\u010dkom filmu: nostalgija, kritika, anga\u017eman\" href=\"https:\/\/slovenci.rs\/sl\/kronja-2018\/\" target=\"_blank\">Neke autorske tendencije u savremenom slovena\u010dkom filmu: nostalgija, kritika, anga\u017eman \/ Nekatere avtorske te\u017enje v sodobnem slovenskem filmu: nostalgija, kritika, anga\u017ema<\/a><\/p>\n<p>Mitja Reichenberg<br \/>\n<a title=\"Mitja Reichenberg, Filmska glasba in zlata leta slovenskega filma (1)\" href=\"https:\/\/slovenci.rs\/sl\/reichenberg-2018\/\">Filmska glasba in zlata leta slovenskega filma (1) \/ Filmska muzika i zlatne godine slovena\u010dkog filma (1)<\/a><\/p>\n<p><em>Na\u0161ko Kri\u017enar<br \/>\n<\/em><a title=\"Na\u0161ko Kri\u017enar, Filmski mostovi Dragomirja Zupanca med Srbijo in Slovenijo\" href=\"https:\/\/slovenci.rs\/sl\/kriznar-2018\/\" target=\"_blank\">Filmski mostovi Dragomirja Zupanca med Srbijo in Slovenijo \/ Filmski mostovi Dragomira Zupanca izme\u0111u Srbije i Slovenije<\/a><\/p>\n<p><strong>Varia \/ Varia<\/strong><\/p>\n<p>Marija Stanonik<br \/>\n<a title=\"Marija Stanonik, Na dobroti svet stoji:  izku\u0161nje slovenskih izgnancev med II. svetovno vojno v okupirano Srbijo in nacisti\u010dno Nem\u010dijo\" href=\"https:\/\/slovenci.rs\/sl\/stanonik-2018\/\"><em>N<\/em><em>a<\/em> <em>dobroti svet stoji<\/em>: \u00a0izku\u0161nje slovenskih izgnancev med II. svetovno vojno v okupirano Srbijo in nacisti\u010dno Nem\u010dijo \/ <em>Na dobroti svet opstaje<\/em>: iskustva slovena\u010dkih izgnanika poslatih u okupiranu Srbiju i nacisti\u010dku Nema\u010dku, za vreme Drugog svetskog rata<\/a><\/p>\n<p>Jo\u017ee Siva\u010dek<br \/>\n<a title=\"Jo\u017ee Siva\u010dek, Josip Ple\u010dnik \u2013 misija u \u010ce\u0161koj\" href=\"https:\/\/slovenci.rs\/sl\/sivacek-2018\/\" target=\"_blank\">Josip Ple\u010dnik \u2013 misija u \u010ce\u0161koj \/ Josip Ple\u010dnik \u2013 misija na \u010ce\u0161kem<\/a><\/p>\n<p>Milo\u0161 Brun<br \/>\n<a title=\"Milo\u0161 Brun, Bruno Brun \u0336 rodona\u010delnik beogradske \u0161kole klarineta\" href=\"https:\/\/slovenci.rs\/sl\/brun-2018\/\" target=\"_blank\">Bruno Brun\u00a0 \u0336\u00a0 rodona\u010delnik beogradske \u0161kole klarineta \/ Bruno Brun\u00a0 \u0336\u00a0 za\u010detnik beograjske \u0161ole klarineta<\/a><\/p>\n<p><strong>Prevod \/ <\/strong><strong>Prevod<\/strong><\/p>\n<p>Jelena Budimirovi\u0107<br \/>\n<a title=\"Jelena Budimirovi\u0107, Alojz Ihan. Eseji dr\u017eavljanina, Hiljadu zdravica i jutro posle\" href=\"https:\/\/slovenci.rs\/sl\/budimirovic-2018\/\" target=\"_blank\">Alojz Ihan. <em>Eseji dr\u017eavljanina,<\/em> <em>Hiljadu zdravica i jutro posle<\/em> \/ Alojz Ihan. <em>Dr\u017eavljanski eseji<\/em>, <em>Tiso\u010d zdravic in jutro potem<\/em><\/a><\/p>\n<p><strong>Prikazi i osvrti \/ Prikazi in pregledi <\/strong><\/p>\n<p>Leon Stefanija<br \/>\n<a title=\"Leon Stefanija, Ivana Vesi\u0107 i Vesna Peno, Izme\u0111u umetnosti i \u017eivota\" href=\"https:\/\/slovenci.rs\/sl\/stefanija-2018\/\" target=\"_blank\">Ivana Vesi\u0107 i Vesna Peno <em>Izme\u0111u umetnosti i \u017eivota \u2013 o delatnosti udru\u017eenja muzi\u010dara u Kral\u0458evini SHS\/Jugoslaviji<\/em> \/ Ivana Vesi\u0107 in Vesna Peno <em>Med umetnostjo in \u017eivljenjem \u2013 o delovanju zdru\u017eenja glasbenikov v Kraljevini SHS\/Jugoslaviji<\/em><\/a><\/p>\n<p>Tanja Petrovi\u0107<br \/>\n<a title=\"Tanja Petrovi\u0107, Vojko Gorjanc Nije re\u010dnik za seljaka\" href=\"https:\/\/slovenci.rs\/sl\/petrovic-2018\/\" target=\"_blank\">Vojko Gorjanc <em>Nije re\u010dnik za seljaka<\/em> \/ Vojko Gorjanc <em>Slovar ni za kmeta<\/em><\/a><\/p>\n<p>Dragomir Zupanc<br \/>\n<a title=\"Dragomir Zupanc, Vlado \u0160kafar Devojka i drvo\" href=\"https:\/\/slovenci.rs\/sl\/zupanc-2018\/\" target=\"_blank\">Vlado \u0160kafar <em>D<\/em><em>evojka i drvo <\/em>\/ Vlado \u0160kafar <em>Deklica in drevo<\/em><\/a><\/p>\n<p>Vladislava Ignjatov<br \/>\n<a title=\"Vladislava Ignjatov, Izlo\u017eba Kultura se\u0107anja : ko ne pamti, iznova pro\u017eivljava\" href=\"https:\/\/slovenci.rs\/sl\/ignjatov-2018\/\" target=\"_blank\">Izlo\u017eba <em>Kultura se\u0107anja : ko ne pamti<\/em><em>,<\/em><em> iznova pro\u017eivljava<\/em> u Narodnom muzeju Zrenjanin \/ Razstava <em>Kultura spomina : kdor se ne spominja, ponovno do\u017eivlja<\/em> v Narodnom muzeju Zrenjanin<\/a><\/p>\n<p><a href=\"https:\/\/slovenci.rs\/wp-content\/uploads\/2019\/01\/beleske-o-autorima-2018.pdf\" target=\"_blank\">Bele\u0161ke o autorima \/ Podatki o avtorjih<\/a><\/p>\n<p><a href=\"https:\/\/slovenci.rs\/wp-content\/uploads\/2019\/01\/izdavacki-savet-recenzenti-2018.pdf\" target=\"_blank\">Izdava\u010dki savet i lista recenzenata: imena i afilijacije \/ Svet \u010dasopisa in seznam recenzentov: naslov in afiliacije<\/a><\/p>\n<p><a href=\"https:\/\/slovenci.rs\/wp-content\/uploads\/2019\/01\/politika-srp-2018.pdf\" target=\"_blank\">Politika \u010dasopisa i uputstvo autorima<\/a> \/ <a href=\"https:\/\/slovenci.rs\/wp-content\/uploads\/2019\/01\/politika-slo-2018.pdf\" target=\"_blank\">Politika \u010dasopisa in navodila avtorjem<\/a> \/ <a href=\"https:\/\/slovenci.rs\/wp-content\/uploads\/2019\/01\/policy-2018.pdf\" target=\"_blank\">Journal policy and author guidelines<\/a><\/p>\n<p>Tekstovi primljeni za objavljivanje na sastanku redakcije, 03. 12. 2018. godine \/ Besedila sprejeta za objavo na sestanku redakcije 03. 12. 2018.<\/p>\n<p>\u0160tampanje publikacije finansirano je iz sredstava Ministarstva kulture i informisanja Republike Srbije i Nacionalnog saveta slovena\u010dke nacionalne manjine u Republici Srbiji \/ Tiskanje publikacije je financirano iz sredstev Ministrstva \u00a0kulture in informiranja Republike Srbije in Nacionalnega sveta slovenske narodne manj\u0161ine v Republiki Srbiji.<\/p>","protected":false},"excerpt":{"rendered":"<p>Impresum Tema broja \/ Tema \u0161tevilke Umetni\u010dka preplitanja u srpsko-slovena\u010dkom kulturnom prostoru \/ Umetni\u0161ka prepletanja na srbsko-slovenskem kulturnem podro\u010dju (urednica broja \/ urednica \u0161tevilke Lada Stevanovi\u0107) &nbsp; Sadr\u017eaj \/ Vsebina Lada Stevanovi\u0107 Uvodna re\u010d \/ Uvodnik \/ Editorial Nau\u010dni i stru\u010dni \u010dlanci \/ Znanstveni in strokovni \u010dlanki Ljiljana Dubljevi\u0107 Vojki\u0107 Anita Mezetova \u00a0\u0336 \u00a0\u017eivot posve\u0107en [&hellip;]<\/p>\n","protected":false},"author":1,"featured_media":0,"parent":0,"menu_order":0,"comment_status":"closed","ping_status":"closed","template":"","meta":{"footnotes":""},"class_list":["post-3874","page","type-page","status-publish","hentry","post"],"_links":{"self":[{"href":"https:\/\/slovenci.rs\/sl\/wp-json\/wp\/v2\/pages\/3874","targetHints":{"allow":["GET"]}}],"collection":[{"href":"https:\/\/slovenci.rs\/sl\/wp-json\/wp\/v2\/pages"}],"about":[{"href":"https:\/\/slovenci.rs\/sl\/wp-json\/wp\/v2\/types\/page"}],"author":[{"embeddable":true,"href":"https:\/\/slovenci.rs\/sl\/wp-json\/wp\/v2\/users\/1"}],"replies":[{"embeddable":true,"href":"https:\/\/slovenci.rs\/sl\/wp-json\/wp\/v2\/comments?post=3874"}],"version-history":[{"count":25,"href":"https:\/\/slovenci.rs\/sl\/wp-json\/wp\/v2\/pages\/3874\/revisions"}],"predecessor-version":[{"id":3966,"href":"https:\/\/slovenci.rs\/sl\/wp-json\/wp\/v2\/pages\/3874\/revisions\/3966"}],"wp:attachment":[{"href":"https:\/\/slovenci.rs\/sl\/wp-json\/wp\/v2\/media?parent=3874"}],"curies":[{"name":"wp","href":"https:\/\/api.w.org\/{rel}","templated":true}]}}