{"id":3950,"date":"2019-01-15T12:14:28","date_gmt":"2019-01-15T11:14:28","guid":{"rendered":"https:\/\/slovenci.rs\/?page_id=3950"},"modified":"2019-01-15T12:16:07","modified_gmt":"2019-01-15T11:16:07","slug":"stefanija-2018","status":"publish","type":"page","link":"https:\/\/slovenci.rs\/sl\/stefanija-2018\/","title":{"rendered":"Leon Stefanija, Ivana Vesi\u0107 i Vesna Peno, Izme\u0111u umetnosti i \u017eivota"},"content":{"rendered":"<p style=\"text-align: right;\">Slovenika IV (2018) 253-258<br \/>\nPrikaz<\/p>\n<p>Leon Stefanija<br \/>\nFilozofska fakulteta<br \/>\nOddelek za muzikologijo<br \/>\nLjubljana, Slovenija<br \/>\n<a href=\"mailto:leon.stefanija@ff.uni-lj.si\">leon.stefanija@ff.uni-lj.si<\/a><\/p>\n<h4>Ivana Vesi\u0107 i Vesna Peno, <em>Izme\u0111u umetnosti i \u017eivota \u2013 o delatnosti udru\u017eenja muzi\u010dara u Kral\u0458evini SHS\/Jugoslaviji<\/em> \/<br \/>\nIvana Vesi\u0107 in Vesna Peno, <em>Med umetnostjo in \u017eivljenjem \u2013 o delovanju zdru\u017eenja glasbenikov v Kraljevini SHS\/Jugoslaviji<\/em><\/h4>\n<p><a href=\"https:\/\/slovenci.rs\/wp-content\/uploads\/2019\/01\/stefanija-2018.pdf\" target=\"_blank\">\u010clanak (PDF) | \u010clanek (PDF) | Paper (PDF)<\/a><\/p>\n<p>&nbsp;<\/p>","protected":false},"excerpt":{"rendered":"<p>Slovenika IV (2018) 253-258 Prikaz Leon Stefanija Filozofska fakulteta Oddelek za muzikologijo Ljubljana, Slovenija leon.stefanija@ff.uni-lj.si Ivana Vesi\u0107 i Vesna Peno, Izme\u0111u umetnosti i \u017eivota \u2013 o delatnosti udru\u017eenja muzi\u010dara u Kral\u0458evini SHS\/Jugoslaviji \/ Ivana Vesi\u0107 in Vesna Peno, Med umetnostjo in \u017eivljenjem \u2013 o delovanju zdru\u017eenja glasbenikov v Kraljevini SHS\/Jugoslaviji \u010clanak (PDF) | \u010clanek (PDF) [&hellip;]<\/p>\n","protected":false},"author":1,"featured_media":0,"parent":0,"menu_order":0,"comment_status":"closed","ping_status":"closed","template":"","meta":{"footnotes":""},"class_list":["post-3950","page","type-page","status-publish","hentry","post"],"_links":{"self":[{"href":"https:\/\/slovenci.rs\/sl\/wp-json\/wp\/v2\/pages\/3950","targetHints":{"allow":["GET"]}}],"collection":[{"href":"https:\/\/slovenci.rs\/sl\/wp-json\/wp\/v2\/pages"}],"about":[{"href":"https:\/\/slovenci.rs\/sl\/wp-json\/wp\/v2\/types\/page"}],"author":[{"embeddable":true,"href":"https:\/\/slovenci.rs\/sl\/wp-json\/wp\/v2\/users\/1"}],"replies":[{"embeddable":true,"href":"https:\/\/slovenci.rs\/sl\/wp-json\/wp\/v2\/comments?post=3950"}],"version-history":[{"count":2,"href":"https:\/\/slovenci.rs\/sl\/wp-json\/wp\/v2\/pages\/3950\/revisions"}],"predecessor-version":[{"id":3952,"href":"https:\/\/slovenci.rs\/sl\/wp-json\/wp\/v2\/pages\/3950\/revisions\/3952"}],"wp:attachment":[{"href":"https:\/\/slovenci.rs\/sl\/wp-json\/wp\/v2\/media?parent=3950"}],"curies":[{"name":"wp","href":"https:\/\/api.w.org\/{rel}","templated":true}]}}