{"id":4244,"date":"2020-01-23T13:50:00","date_gmt":"2020-01-23T12:50:00","guid":{"rendered":"https:\/\/slovenci.rs\/?page_id=4244"},"modified":"2020-01-23T13:50:00","modified_gmt":"2020-01-23T12:50:00","slug":"marija-stanonik-glasovi-knjizna-zbirka-slovenskih-folklornih-pripovedi-iz-nasih-dni","status":"publish","type":"page","link":"https:\/\/slovenci.rs\/sl\/marija-stanonik-glasovi-knjizna-zbirka-slovenskih-folklornih-pripovedi-iz-nasih-dni\/","title":{"rendered":"MARIJA STANONIK, GLASOVI \u2013 KNJI\u017dNA ZBIRKA SLOVENSKIH FOLKLORNIH PRIPOVEDI IZ NA\u0160IH DNI"},"content":{"rendered":"<p style=\"text-align: right;\">Slovenika V (2019) 159-161<br \/>\nPrikaz<\/p>\n<p>Marija Stanonik<br \/>\nZRC SAZU<br \/>\nIn\u0161titut za slovensko narodopisje<br \/>\nLjubljana, Slovenija<br \/>\n<a href=\"mailto:marija.stanonik@zrc-sazu.si\">marija.stanonik@zrc-sazu.si<\/a><\/p>\n<h4><em>Glasovi<\/em> \u2013 knji\u017ena zbirka slovenskih folklornih pripovedi iz na\u0161ih dni \/ <em>Glasovi<\/em> \u2013 zbirka knjiga slovena\u010dkih folklornih pri\u010da iz na\u0161ih dana<\/h4>\n<p><a href=\"https:\/\/slovenci.rs\/wp-content\/uploads\/2020\/01\/Slovenika-V_159-161.pdf\" target=\"_blank\">\u010clanek (PDF) | \u010clanak (PDF) | Paper (PDF)<\/a><\/p>","protected":false},"excerpt":{"rendered":"<p>Slovenika V (2019) 159-161 Prikaz Marija Stanonik ZRC SAZU In\u0161titut za slovensko narodopisje Ljubljana, Slovenija marija.stanonik@zrc-sazu.si Glasovi \u2013 knji\u017ena zbirka slovenskih folklornih pripovedi iz na\u0161ih dni \/ Glasovi \u2013 zbirka knjiga slovena\u010dkih folklornih pri\u010da iz na\u0161ih dana \u010clanek (PDF) | \u010clanak (PDF) | Paper (PDF)<\/p>","protected":false},"author":1,"featured_media":0,"parent":0,"menu_order":0,"comment_status":"closed","ping_status":"closed","template":"","meta":{"footnotes":""},"class_list":["post-4244","page","type-page","status-publish","hentry","post"],"_links":{"self":[{"href":"https:\/\/slovenci.rs\/sl\/wp-json\/wp\/v2\/pages\/4244","targetHints":{"allow":["GET"]}}],"collection":[{"href":"https:\/\/slovenci.rs\/sl\/wp-json\/wp\/v2\/pages"}],"about":[{"href":"https:\/\/slovenci.rs\/sl\/wp-json\/wp\/v2\/types\/page"}],"author":[{"embeddable":true,"href":"https:\/\/slovenci.rs\/sl\/wp-json\/wp\/v2\/users\/1"}],"replies":[{"embeddable":true,"href":"https:\/\/slovenci.rs\/sl\/wp-json\/wp\/v2\/comments?post=4244"}],"version-history":[{"count":1,"href":"https:\/\/slovenci.rs\/sl\/wp-json\/wp\/v2\/pages\/4244\/revisions"}],"predecessor-version":[{"id":4245,"href":"https:\/\/slovenci.rs\/sl\/wp-json\/wp\/v2\/pages\/4244\/revisions\/4245"}],"wp:attachment":[{"href":"https:\/\/slovenci.rs\/sl\/wp-json\/wp\/v2\/media?parent=4244"}],"curies":[{"name":"wp","href":"https:\/\/api.w.org\/{rel}","templated":true}]}}