{"id":4430,"date":"2021-02-01T14:43:15","date_gmt":"2021-02-01T13:43:15","guid":{"rendered":"https:\/\/slovenci.rs\/?page_id=4430"},"modified":"2026-01-15T00:17:09","modified_gmt":"2026-01-14T23:17:09","slug":"impresum-opsti","status":"publish","type":"page","link":"https:\/\/slovenci.rs\/sl\/impresum-opsti\/","title":{"rendered":"Impresum"},"content":{"rendered":"<p><strong>\u010casopis za kulturu, nauku i obrazovanje \/ \u010casopis za kulturo, znanost in izobra\u017eevanje<\/strong><\/p>\n<p>ISSN: 2466-555X<br \/>\nISSN: 2466-2852 (Online)<\/p>\n<p>UDK 008<\/p>\n<p><strong>Izdava\u010d \/ Zalo\u017enik \/ Publisher<\/strong><br \/>\nUniverzitet u Beogradu, Filolo\u0161ki fakultet \/ Univerza v Beogradu, Filolo\u0161ka fakulteta \/ University of Belgrade, Faculty of Philology<br \/>\nNacionalni savet\u00a0 slovena\u010dke nacionalne manjine u Republici Srbiji \/ Nacionalni svet slovenske narodne manj\u0161ine v Republiki Srbiji \/ National Council of the Slovenian\u00a0 National Minority in the Republic of Serbia<\/p>\n<p><strong>Za izdava\u010da \/ Za zalo\u017ebo \/ For the Publisher<\/strong><br \/>\nProf. dr Iva Dra\u0161ki\u0107 Vi\u0107anovi\u0107, Sa\u0161a Verbi\u010d<\/p>\n<p><strong>Adresa izdava\u010da \/ Naslov uredni\u0161tva \/ Publisher&#8217;s address<\/strong><br \/>\nTerazije 3\/IX, 11000 Beograd<br \/>\ntel +381 (0)11 33 40 845<br \/>\ne-mail: <a href=\"https:\/\/slovenci.rs\/sl\/\" target=\"_blank\" rel=\"noopener\">nacionalnisvet@gmail.com<br \/>\nwww.slovenci.rs<\/a><\/p>\n<p><strong>Prevod, lektura i korektura \/ Prevajanje, lektoriranje in korektura \/ Translation and copyediting<br \/>\n<\/strong>Maja \u0110ukanovi\u0107, Tanja Tomazin, Andrej To\u0161i\u0107, Marina Spasojevi\u0107, Milica \u0160evku\u0161i\u0107, Biljana Milenkovi\u0107-Vukovi\u0107<\/p>\n<p><strong>Dizajn korica i teksture \/ Oblikovanje naslovnice in teksture \/ Cover design<\/strong><br \/>\nMarija Vauda<\/p>\n<p><strong>Grafi\u010dko oblikovanje \/ Grafi\u010dno oblikovanje \/ Design and layout<\/strong><br \/>\nJasmina Pucarevi\u0107<\/p>\n<p><strong>Tehni\u010dko ure\u0111ivanje elektronske verzije \u010dasopisa \/ Tehni\u010dna obdelava elektronskega izvoda \u010dasopisa \/ Typesetting<\/strong><strong><br \/>\n<\/strong>Milica \u0160evku\u0161i\u0107, Biljana Milenkovi\u0107-Vukovi\u0107<\/p>\n<p><strong>Tira\u017e \/ Naklada \/ Print run<\/strong><br \/>\n300<\/p>\n<p><strong>\u0160tampa \/ Tisk \/ Printing<\/strong><br \/>\nGrafi\u010dka radnja \u201eS print\u201c, \u0160abac<\/p>\n<p>\u010casopis Slovenika je indeksiran u\/v: ERIH PLUS \u2013 European Reference Index for the Humanities and Social Sciences; MKS lista \u2013 \u0420\u0435\u0444\u0435\u0440\u0435\u043d\u0442\u043d\u044b\u0439 \u043f\u0435\u0440\u0435\u0447\u0435\u043d\u044c \u0441\u043b\u0430\u0432\u0438\u0441\u0442\u0438\u0447\u0435\u0441\u043a\u0438\u0445 \u0436\u0443\u0440\u043d\u0430\u043b\u043e\u0432 \u043f\u0440\u0438<br \/>\n\u041c\u041a\u0421; DOAJ \u2013 Directory of Open Access Journals; EBSCO, ROAD \u2013 Directory of Open Access Scholarly Resources, WorldCat OCLC \u2013 Online Computer Library Center<\/p>\n<p><strong>Glavni i odgovorni urednici \/ Glavni in odgovorni urednici \/ Editors-in-chief<\/strong><br \/>\nProf. dr Maja \u0110ukanovi\u0107 (Univerzitet u Beogradu, Filolo\u0161ki fakultet, Srbija \/ University of Belgrade, Faculty of Philology, Belgrade, Serbia), i\/in Biljana Milenkovi\u0107 Vukovi\u0107 (Etnografski institut SANU, Beograd, Srbija \/ Institute of Ethnography SASA, Belgrade, Serbia)<\/p>\n<p><strong>Me\u0111unarodna redakcija \/ Mednarodni uredni\u0161ki odbor \/ International Editorial Board<\/strong><br \/>\nDr. Tatjana Bala\u017eic Bulc (Univerza v Ljubljani, Filozofska fakulteta, Slovenija \/ University of Ljubljana, Faculty of Philosophy, Ljubljana, Slovenia),\u00a0 prof. dr. Marija Bidovec (Universit\u00e0 di Napoli \u201cL\u2019Orientale\u201d, Italia \/ University of Naples L\u2019Orientale, Naples, Italy), mag. Dejan Georgiev (Univerza v Ljubljani, Filozofska fakulteta, Slovenija \/ University of Ljubljana, Faculty of Philosophy, Ljubljana, Slovenia), prof. dr Borko Kova\u010devi\u0107 (Univerzitet u Beogradu, Filolo\u0161ki fakultet, Srbija \/ University of Belgrade, Faculty of Philology, Belgrade, Serbia), Silvija Krejakovi\u0107 (Muzej grada Beograda \u2013 Zavi\u010dajni muzej Zemun, Srbija \/ Belgrade City Museum \u2013 Zemun Home Museum, Belgrade, Serbia), prof. dr \u017deljko Markovi\u0107 (Univerzitet u Novom Sadu, Filozofski fakultet, Srbija \/ University of Novi Sad, Faculty of Philosophy, Novi Sad, Serbia), dr. Mojca Nidorfer \u0160i\u0161kovi\u010d (Univerza v Ljubljani, Filozofska fakulteta, Slovenija \/ University of Ljubljana, Faculty of Philosophy, Ljubljana, Slovenia), prof. dr. Mateja Pezdirc Bartol (Univerza v Ljubljani, Filozofska fakulteta, Slovenija \/ University of Ljubljana, Faculty of Philosophy, Ljubljana, Slovenia), prof. dr Anica Sabo (Univerzitet umetnosti u Beogradu, Fakultet muzi\u010dke umetnosti, Srbija \/ University of Arts in Belgrade, Faculty of Music, Belgrade, Serbia), dr Milena Spremo (Zrenjanin, Srbija \/ independent researcher, Zrenjanin, Serbia), dr Lada Stevanovi\u0107 (Etnografski institut SANU, Beograd, Srbija \/ Institute of Ethnography SASA, Belgrade, Serbia), dr Tanja Tomazin (Univerzitet u Beogradu, Filolo\u0161ki fakultet, Srbija \/ University of Belgrade, Faculty of Philology, Belgrade, Serbia), dr. Janja \u017ditnik Serafin (ZRC SAZU, In\u0161titut za slovensko izseljenstvo in migracije, Ljubljana, Slovenija \/ Research Centre of the Slovenian Academy of Sciences and Arts, Slovenian Migration Institute, Ljubljana, Slovenia), Dragomir Zupanc (Beograd, Srbija \/ independent researcher, Belgrade, Serbia).<\/p>\n<p><strong>Me\u0111unarodni izdava\u010dki savet \/ Mednarodni svetovalni odbor \/ International Advisory Board<\/strong><br \/>\nProf. dr Jurij Bajec (Univerzitet u Beogradu, Ekonomski fakultet, Srbija \/ University of Belgrade, Faculty of Economics, Belgrade, Serbia), dr Jadranka \u0110or\u0111evi\u0107 Crnobrnja (Etnografski institut SANU, Beograd, Srbija \/ Institute of Ethnography SASA, Belgrade, Serbia), dr. Zdenka Petermanec (Univerzitetna knji\u017enica Maribor, Slovenija \/ University Library in Maribor, Slovenia), prof. dr Vesna Polovina (Univerzitet u Beogradu, Filolo\u0161ki fakultet, Srbija \/ University of Belgrade, Faculty of Philology, Belgrade, Serbia), dr Mladena Preli\u0107 (Etnografski institut SANU, Beograd, Srbija \/ Institute of Ethnography SASA, Belgrade, Serbia), dr. Nata\u0161a Rogelja (ZRC SAZU, In\u0161titut za slovensko izseljenstvo in migracije, Ljubljana, Slovenija \/ Research Centre of the Slovenian Academy of Sciences and Arts, Slovenian Migration Institute, Ljubljana, Slovenia), dr. Alojzija Zupan Sosi\u010d (Univerza v Ljubljani, Filozofska fakulteta, Slovenija \/ University of Ljubljana, Faculty of Philosophy, Ljubljana, Slovenia).<\/p>\n<p><strong>Sekretar redakcije \/ Tehni\u010dna urednica \/ Technical Editor<\/strong><br \/>\nIvana Mandi\u0107 (Nacionalni svet slovenske narodne manj\u0161ine v Republiki Srbiji \/ National Council of the Slovenian\u00a0 National Minority in the Republic of Serbia)<\/p>\n<p>\u010casopis se objavljuje jednom godi\u0161nje \/ \u010casopis izhaja enkrat na leto \/ Published annually<br \/>\n\u010casopis se besplatno mo\u017ee preuzeti sa sajta: \/ \u010casopis se lahko brezpla\u010dno prevzame s spletne strani: \/ Open Access journal<br \/>\n<a href=\"https:\/\/slovenci.rs\/sl\/\" target=\"_blank\" rel=\"noopener\">www.slovenci.rs<\/a><\/p>\n<p><a href=\"https:\/\/creativecommons.org\/licenses\/by\/4.0\/\" target=\"_blank\" rel=\"noopener\"><img loading=\"lazy\" decoding=\"async\" class=\"size-full wp-image-4638 alignleft\" src=\"https:\/\/slovenci.rs\/wp-content\/uploads\/2022\/01\/CC-BY_icon.svg_.png\" alt=\"CC BY license\" width=\"64\" height=\"23\" \/><\/a><\/p>","protected":false},"excerpt":{"rendered":"<p>\u010casopis za kulturu, nauku i obrazovanje \/ \u010casopis za kulturo, znanost in izobra\u017eevanje ISSN: 2466-555X ISSN: 2466-2852 (Online) UDK 008 Izdava\u010d \/ Zalo\u017enik \/ Publisher Univerzitet u Beogradu, Filolo\u0161ki fakultet \/ Univerza v Beogradu, Filolo\u0161ka fakulteta \/ University of Belgrade, Faculty of Philology Nacionalni savet\u00a0 slovena\u010dke nacionalne manjine u Republici Srbiji \/ Nacionalni svet slovenske [&hellip;]<\/p>\n","protected":false},"author":1,"featured_media":0,"parent":0,"menu_order":0,"comment_status":"closed","ping_status":"closed","template":"","meta":{"footnotes":""},"class_list":["post-4430","page","type-page","status-publish","hentry","post"],"_links":{"self":[{"href":"https:\/\/slovenci.rs\/sl\/wp-json\/wp\/v2\/pages\/4430","targetHints":{"allow":["GET"]}}],"collection":[{"href":"https:\/\/slovenci.rs\/sl\/wp-json\/wp\/v2\/pages"}],"about":[{"href":"https:\/\/slovenci.rs\/sl\/wp-json\/wp\/v2\/types\/page"}],"author":[{"embeddable":true,"href":"https:\/\/slovenci.rs\/sl\/wp-json\/wp\/v2\/users\/1"}],"replies":[{"embeddable":true,"href":"https:\/\/slovenci.rs\/sl\/wp-json\/wp\/v2\/comments?post=4430"}],"version-history":[{"count":13,"href":"https:\/\/slovenci.rs\/sl\/wp-json\/wp\/v2\/pages\/4430\/revisions"}],"predecessor-version":[{"id":5763,"href":"https:\/\/slovenci.rs\/sl\/wp-json\/wp\/v2\/pages\/4430\/revisions\/5763"}],"wp:attachment":[{"href":"https:\/\/slovenci.rs\/sl\/wp-json\/wp\/v2\/media?parent=4430"}],"curies":[{"name":"wp","href":"https:\/\/api.w.org\/{rel}","templated":true}]}}