{"id":5103,"date":"2023-02-12T18:29:19","date_gmt":"2023-02-12T17:29:19","guid":{"rendered":"https:\/\/slovenci.rs\/?page_id=5103"},"modified":"2023-02-12T19:03:16","modified_gmt":"2023-02-12T18:03:16","slug":"impresum-slovenika-8","status":"publish","type":"page","link":"https:\/\/slovenci.rs\/sl\/impresum-slovenika-8\/","title":{"rendered":"IMPRESUM \u2013 SLOVENIKA 8"},"content":{"rendered":"<p><strong>\u010casopis za kulturu, nauku i obrazovanje<\/strong> \/ <strong>\u010casopis za kulturo, znanost in izobra\u017eevanje<\/strong> <strong>VIII (2022)<\/strong><\/p>\n<p>ISSN: 2466-555X ISSN: 2466-2852 (Online)<\/p>\n<p><strong>Izdava\u010d<\/strong> \/ <strong>Zalo\u017enik<\/strong><br \/>\nUniverzitet u Beogradu, Filolo\u0161ki fakultet i Nacionalni savet slovena\u010dke nacionalne manjine u Republici Srbiji \/ Univerza v Beogradu, Filolo\u0161ka fakulteta in Nacionalni svet slovenske narodne manj\u0161ine v Republiki Srbiji<\/p>\n<p><strong>Za izdava\u010da<\/strong> \/ <strong>Za zalo\u017ebo<\/strong><br \/>\nProf. dr Iva Dra\u0161ki\u0107 Vi\u0107anovi\u0107, Sa\u0161a Verbi\u010d<\/p>\n<p><strong>Adresa izdava\u010da<\/strong> \/ <strong>Naslov uredni\u0161tva<\/strong><br \/>\nTerazije 3\/IX, 11000 Beograd<br \/>\ntel +381 (0)11 33 40 845<br \/>\ne-mail: <a href=\"https:\/\/slovenci.rs\/sl\/\">nacionalnisvet@gmail.com<br \/>\nwww.slovenci.rs<\/a><\/p>\n<p><strong>Prevod, lektura i korektura<\/strong> \/ <strong>Prevajanje, lektoriranje in korektura<\/strong><br \/>\nMarina Spasojevi\u0107 (srpski), Maja \u0110ukanovi\u0107 (slovena\u010dki), Milica \u0160evku\u0161i\u0107 (engleski), Biljana Milenkovi\u0107-Vukovi\u0107 (korektura)<\/p>\n<p><strong>Dizajn korica i teksture<\/strong> \/ <strong>Oblikovanje naslovnice in teksture<\/strong><br \/>\nMarija Vauda<\/p>\n<p><strong>Grafi\u010dko oblikovanje<\/strong> \/ <strong>Grafi\u010dno oblikovanje<\/strong><br \/>\nJasmina Pucarevi\u0107<\/p>\n<p><strong>Tira\u017e<\/strong> \/ <strong>Naklada<br \/>\n<\/strong>300<\/p>\n<p><strong>\u0160tampa<\/strong> \/ <strong>Tisk<\/strong><br \/>\nGrafi\u010dko-medijska \u0161kola, Beograd<\/p>\n<p>\u010casopis Slovenika je indeksiran u\/v: ERIH PLUS \u2013 European Reference Index for the Humanities; MKS lista \u2013 \u0420\u0435\u0444\u0435\u0440\u0435\u043d\u0442\u043d\u044b\u0439 \u043f\u0435\u0440\u0435\u0447\u0435\u043d\u044c \u0441\u043b\u0430\u0432\u0438\u0441\u0442\u0438\u0447\u0435\u0441\u043a\u0438\u0445 \u0436\u0443\u0440\u043d\u0430\u043b\u043e\u0432 \u043f\u0440\u0438 \u041c\u041a\u0421; DOAJ \u2013 Directory of Open Access Journals; WorldCat OCLC \u2013 Online Computer Library Center.<\/p>\n<p>Izdavanje publikacije finansirano je iz sredstava Ministarstva kulture i informisanja Republike Srbije i Nacionalnog saveta slovena\u010dke nacionalne manjine u Republici Srbiji \/ Izid publikacije je financiran s sredstvi Ministrstva za kulturo in informiranja Republike Srbije in Nacionalnega sveta slovenske narodne manj\u0161ine v Republiki Srbiji.<\/p>\n<p><strong>Glavne i odgovorne urednice<\/strong> \/ <strong>Glavni in odgovorni urednici<\/strong><br \/>\nProf. dr Maja \u0110ukanovi\u0107 (Univerzitet u Beogradu, Filolo\u0161ki fakultet, Srbija), i\/in Biljana Milenkovi\u0107-Vukovi\u0107 (Etnografski institut SANU, Beograd, Srbija).<\/p>\n<p><strong>Me\u0111unarodna redakcija<\/strong> \/ <strong>Mednarodni uredni\u0161ki odbor<\/strong><br \/>\nDr. Tatjana Bala\u017eic Bulc (Univerza v Ljubljani, Filozofska fakulteta, Slovenija), prof. dr. Marija Bidovec (Universit\u00e0 di Napoli \u201cL\u2019Orientale\u201d, Italia), mag. Dejan Georgiev (Univerza v Ljubljani, Filozofska fakulteta, Slovenija), prof. dr Borko Kova\u010devi\u0107 (Univerzitet u Beogradu, Filolo\u0161ki fakultet, Srbija), Silvija Krejakovi\u0107 (Muzej grada Beograda \u2013 Zavi\u010dajni muzej Zemun, Srbija), prof. dr \u017deljko Markovi\u0107 (Univerzitet u Novom Sadu, Filozofski fakultet, Srbija), dr. Mojca Nidorfer \u0160i\u0161kovi\u010d (Univerza v Ljubljani, Filozofska fakulteta, Slovenija), prof. dr. Mateja Pezdirc Bartol (Univerza v Ljubljani, Filozofska fakulteta, Slovenija), prof. dr Anica Sabo (Univerzitet u Beogradu, Fakultet muzi\u010dke umetnosti, Srbija), dr Milena Spremo (Zrenjanin, Srbija), dr Lada Stevanovi\u0107 (Etnografski institut SANU, Beograd, Srbija), dr Tanja Tomazin (Univerzitet u Beogradu, Filolo\u0161ki fakultet, Srbija), dr. Janja \u017ditnik Serafin (ZRC SAZU, In\u0161titut za slovensko izseljenstvo in migracije, Ljubljana, Slovenija), Dragomir Zupanc (Beograd, Srbija).<\/p>\n<p><strong>Me\u0111unarodni izdava\u010dki savet<\/strong> \/ <strong>Mednarodni svetovalni odbor<\/strong><br \/>\nProf. dr Jurij Bajec (Beograd), dr Jadranka \u0110or\u0111evi\u0107 Crnobrnja (Beograd), dr. Zdenka Petermanec (Maribor), prof. dr Vesna Polovina (Beograd), dr Mladena Preli\u0107 (Beograd), dr. Nata\u0161a Rogelja (Ljubljana), prof. dr. Alojzija Zupan Sosi\u010d (Ljubljana).<\/p>\n<p><strong>Sekretar redakcije<\/strong> \/ <strong>Tehni\u010dna urednica<\/strong><br \/>\nIvana Mandi\u0107<\/p>\n<p>Slovenika prihva\u0107ena za objavljivanje na sastanku Izdava\u010dkog saveta, 12. 12. 2022. godine \/ Slovenika sprejeta za objavo na sestanku Svetovalnega odbora 12. 12. 2022<\/p>\n<p>\u010casopis se objavljuje jednom godi\u0161nje \/ \u010casopis izhaja enkrat na leto<\/p>\n<p>\u010casopis se besplatno mo\u017ee preuzeti sa sajta: \/ \u010casopis se lahko brezpla\u010dno prevzame s spletne strani: www.slovenci.rs<\/p>","protected":false},"excerpt":{"rendered":"<p>\u010casopis za kulturu, nauku i obrazovanje \/ \u010casopis za kulturo, znanost in izobra\u017eevanje VIII (2022) ISSN: 2466-555X ISSN: 2466-2852 (Online) Izdava\u010d \/ Zalo\u017enik Univerzitet u Beogradu, Filolo\u0161ki fakultet i Nacionalni savet slovena\u010dke nacionalne manjine u Republici Srbiji \/ Univerza v Beogradu, Filolo\u0161ka fakulteta in Nacionalni svet slovenske narodne manj\u0161ine v Republiki Srbiji Za izdava\u010da \/ [&hellip;]<\/p>\n","protected":false},"author":1,"featured_media":0,"parent":0,"menu_order":0,"comment_status":"closed","ping_status":"closed","template":"","meta":{"footnotes":""},"class_list":["post-5103","page","type-page","status-publish","hentry","post"],"_links":{"self":[{"href":"https:\/\/slovenci.rs\/sl\/wp-json\/wp\/v2\/pages\/5103","targetHints":{"allow":["GET"]}}],"collection":[{"href":"https:\/\/slovenci.rs\/sl\/wp-json\/wp\/v2\/pages"}],"about":[{"href":"https:\/\/slovenci.rs\/sl\/wp-json\/wp\/v2\/types\/page"}],"author":[{"embeddable":true,"href":"https:\/\/slovenci.rs\/sl\/wp-json\/wp\/v2\/users\/1"}],"replies":[{"embeddable":true,"href":"https:\/\/slovenci.rs\/sl\/wp-json\/wp\/v2\/comments?post=5103"}],"version-history":[{"count":2,"href":"https:\/\/slovenci.rs\/sl\/wp-json\/wp\/v2\/pages\/5103\/revisions"}],"predecessor-version":[{"id":5116,"href":"https:\/\/slovenci.rs\/sl\/wp-json\/wp\/v2\/pages\/5103\/revisions\/5116"}],"wp:attachment":[{"href":"https:\/\/slovenci.rs\/sl\/wp-json\/wp\/v2\/media?parent=5103"}],"curies":[{"name":"wp","href":"https:\/\/api.w.org\/{rel}","templated":true}]}}