{"id":5483,"date":"2024-01-24T02:51:17","date_gmt":"2024-01-24T01:51:17","guid":{"rendered":"https:\/\/slovenci.rs\/?page_id=5483"},"modified":"2024-01-24T02:51:17","modified_gmt":"2024-01-24T01:51:17","slug":"teodora-trajkovic-uvodna-rec-uvodnik-editorial","status":"publish","type":"page","link":"https:\/\/slovenci.rs\/sl\/teodora-trajkovic-uvodna-rec-uvodnik-editorial\/","title":{"rendered":"TEODORA TRAJKOVI\u0106, \u0423\u0412\u041e\u0414\u041d\u0410 \u0420\u0415\u0427 \/ UVODNIK \/ EDITORIAL"},"content":{"rendered":"<p style=\"text-align: right;\">Slovenika IX (2023) 7-18<br \/>\nUvodna re\u010d \/ Uvodnik \/ Editorial<br \/>\nUDK: 78.071.1 \u0412\u0430\u0443\u0434\u0430 \u0417.<\/p>\n<p>&nbsp;<\/p>\n<p>Teodora Trajkovi\u0107<br \/>\nMuzikolo\u0161ki institut SANU<br \/>\nBeograd, Srbija<br \/>\n<a href=\"mailto:teodora.trajkovic93@gmail.com\">teodora.trajkovic93@gmail.com<\/a><\/p>\n<p>&nbsp;<\/p>\n<h4>Povodom sto godina od ro\u0111enja Zlatana Vaude \/ Ob stoti obletnici rojstva Zlatana Vaude \/ On the Occasion of the Centenary of the Birth of Zlatan Vauda<\/h4>\n<p>&nbsp;<\/p>\n<p><a href=\"https:\/\/slovenci.rs\/wp-content\/uploads\/2024\/01\/Uvodna-rec_Slovenika_IX.pdf\" target=\"_blank\" rel=\"noopener\">\u010clanak (PDF)<\/a> | <a href=\"https:\/\/slovenci.rs\/wp-content\/uploads\/2024\/01\/UVODNIK_SLO_Slovenika_IX.pdf\" target=\"_blank\" rel=\"noopener\">\u010clanek (PDF)<\/a> | <a href=\"https:\/\/slovenci.rs\/wp-content\/uploads\/2024\/01\/EDITORIAL_Slovenika_IX.pdf\" target=\"_blank\" rel=\"noopener\">Paper (PDF)<\/a><\/p>\n<p>&nbsp;<\/p>","protected":false},"excerpt":{"rendered":"<p>Slovenika IX (2023) 7-18 Uvodna re\u010d \/ Uvodnik \/ Editorial UDK: 78.071.1 \u0412\u0430\u0443\u0434\u0430 \u0417. &nbsp; Teodora Trajkovi\u0107 Muzikolo\u0161ki institut SANU Beograd, Srbija teodora.trajkovic93@gmail.com &nbsp; Povodom sto godina od ro\u0111enja Zlatana Vaude \/ Ob stoti obletnici rojstva Zlatana Vaude \/ On the Occasion of the Centenary of the Birth of Zlatan Vauda &nbsp; \u010clanak (PDF) | [&hellip;]<\/p>\n","protected":false},"author":1,"featured_media":0,"parent":0,"menu_order":0,"comment_status":"closed","ping_status":"closed","template":"","meta":{"footnotes":""},"class_list":["post-5483","page","type-page","status-publish","hentry","post"],"_links":{"self":[{"href":"https:\/\/slovenci.rs\/sl\/wp-json\/wp\/v2\/pages\/5483","targetHints":{"allow":["GET"]}}],"collection":[{"href":"https:\/\/slovenci.rs\/sl\/wp-json\/wp\/v2\/pages"}],"about":[{"href":"https:\/\/slovenci.rs\/sl\/wp-json\/wp\/v2\/types\/page"}],"author":[{"embeddable":true,"href":"https:\/\/slovenci.rs\/sl\/wp-json\/wp\/v2\/users\/1"}],"replies":[{"embeddable":true,"href":"https:\/\/slovenci.rs\/sl\/wp-json\/wp\/v2\/comments?post=5483"}],"version-history":[{"count":1,"href":"https:\/\/slovenci.rs\/sl\/wp-json\/wp\/v2\/pages\/5483\/revisions"}],"predecessor-version":[{"id":5484,"href":"https:\/\/slovenci.rs\/sl\/wp-json\/wp\/v2\/pages\/5483\/revisions\/5484"}],"wp:attachment":[{"href":"https:\/\/slovenci.rs\/sl\/wp-json\/wp\/v2\/media?parent=5483"}],"curies":[{"name":"wp","href":"https:\/\/api.w.org\/{rel}","templated":true}]}}