{"id":5764,"date":"2026-01-19T00:57:08","date_gmt":"2026-01-18T23:57:08","guid":{"rendered":"https:\/\/slovenci.rs\/?page_id=5764"},"modified":"2026-01-19T01:13:05","modified_gmt":"2026-01-19T00:13:05","slug":"impresum-slovenika-11","status":"publish","type":"page","link":"https:\/\/slovenci.rs\/sl\/impresum-slovenika-11\/","title":{"rendered":"Impresum &#8211; Slovenika 11"},"content":{"rendered":"<p>\u010casopis za kulturu, nauku i obrazovanje \/ \u010casopis za kulturo, znanost in izobra\u017eevanje XI (2025)<\/p>\n<p>ISSN: 2466-555X; ISSN: 2466-2852 (Online)<br \/>\nUDK: 008<\/p>\n<p>&nbsp;<\/p>\n<p><strong>Izdava\u010d \/ Zalo\u017enik<\/strong><br \/>\nUniverzitet u Beogradu, Filolo\u0161ki fakultet \/ Univerza\u00a0 v Beogradu, Filolo\u0161ka fakulteta i\/in Nacionalni savet\u00a0slovena\u010dke nacionalne manjine u Republici Srbiji \/ Nacionalni\u00a0 svet slovenske narodne manj\u0161ine v Republiki Srbiji<\/p>\n<p>&nbsp;<\/p>\n<p><strong>Za izdava\u010da \/ Za zalo\u017ebo<br \/>\n<\/strong>Prof. dr Iva Dra\u0161ki\u0107 Vi\u0107anovi\u0107, Sa\u0161a Verbi\u010d<\/p>\n<p>&nbsp;<\/p>\n<p><strong>Adresa izdava\u010da \/ Naslov uredni\u0161tva<br \/>\n<\/strong>Terazije 3\/IX, 11000 Beograd<br \/>\ntel +381 (0)11 33 40 845<br \/>\ne-mail: nacionalnisvet@gmail.com<br \/>\n<a href=\"https:\/\/slovenci.rs\/sl\/\">www.slovenci.rs<\/a><\/p>\n<p>&nbsp;<\/p>\n<p><strong>Prevod, lektura i korektura \/ Prevajanje, lektoriranje in korektura<br \/>\n<\/strong>Maja \u0110ukanovi\u0107, Tanja Tomazin, Andrej To\u0161i\u0107, Marina Spasojevi\u0107, Milica \u0160evku\u0161i\u0107, Biljana Milenkovi\u0107-Vukovi\u0107<\/p>\n<p>&nbsp;<\/p>\n<p><strong>Dizajn korica i teksture \/ Oblikovanje naslovnice in teksture<br \/>\n<\/strong>Marija Vauda<\/p>\n<p>&nbsp;<\/p>\n<p><strong>Grafi\u010dko oblikovanje \/ Grafi\u010dno oblikovanje<br \/>\n<\/strong>Jasmina Pucarevi\u0107<\/p>\n<p>&nbsp;<\/p>\n<p><strong>Tira\u017e \/ Naklada<br \/>\n<\/strong>300<\/p>\n<p>&nbsp;<\/p>\n<p><strong>\u0160tampa \/ Tisk<br \/>\n<\/strong>Grafi\u010dka radnja &#8222;S print&#8220;, \u0160abac<\/p>\n<p>&nbsp;<\/p>\n<p>\u010casopis <em>Slovenika <\/em>je indeksiran u\/v: ERIH PLUS \u2013 European Reference Index for the Humanities and Social Sciences; MKS lista \u2013 \u0420\u0435\u0444\u0435\u0440\u0435\u043d\u0442\u043d\u044b\u0439 \u043f\u0435\u0440\u0435\u0447\u0435\u043d\u044c \u0441\u043b\u0430\u0432\u0438\u0441\u0442\u0438\u0447\u0435\u0441\u043a\u0438\u0445 \u0436\u0443\u0440\u043d\u0430\u043b\u043e\u0432 \u043f\u0440\u0438 \u041c\u041a\u0421; DOAJ\u00a0 \u2013 Directory of Open Access Journals; EBSCO, <a href=\"http:\/\/road.issn.org\/issn\/2334-8801-etnoantropolo-ki-problemi-#.VuehSeIrKUl\">ROAD &#8211; Directory of Open Access Scholarly Resources<\/a>, WorldCat OCLC \u2013 Online Computer Library Center<\/p>\n<p>Izdavanje publikacije finansirano je iz sredstava Ministarstva za ljudska i manjinska prava\u00a0 i dru\u0161tveni dijalog, Ministarstva kulture Republike Srbije, Kancelarije Vlade Republike Slovenije za Slovence u okru\u017eenju i po svetu i Nacionalnog saveta\u00a0 slovena\u010dke nacionalne manjine u Republici Srbiji \/ Izid publikacije je financiran s sredstvi\u00a0 Ministrstva za \u010dlovekove in manj\u0161inske pravice ter dru\u017ebeni dijalog, Ministrstva za kulturo Republike Srbije, Urada Vlade Republike Slovenije za Slovence v zamejstvu in po svetu \u00a0in Nacionalnega sveta slovenske narodne manj\u0161ine v Republiki Srbiji.<\/p>\n<p>&nbsp;<\/p>\n<p><strong>Glavne i odgovorne urednice \/ Glavni in odgovorni urednici<br \/>\n<\/strong>Prof. dr Maja \u0110ukanovi\u0107 (Univerzitet u Beogradu, Filolo\u0161ki fakultet, Srbija), i\/in Biljana Milenkovi\u0107-Vukovi\u0107 (Etnografski\u00a0 institut SANU, Beograd, Srbija)<\/p>\n<p>&nbsp;<\/p>\n<p><strong>Me\u0111unarodna redakcija \/ Mednarodni uredni\u0161ki odbor<\/strong><br \/>\nDr. Tatjana Bala\u017eic Bulc (Univerza v Ljubljani, Filozofska fakulteta, Slovenija), prof. dr. Marija Bidovec (Universit\u00e0 di Napoli \u201cL\u2019Orientale\u201d, Italia), mag. Dejan Georgiev (Univerza v Ljubljani, Filozofska fakulteta, Slovenija), prof. dr Borko Kova\u010devi\u0107 (Univerzitet u Beogradu, Filolo\u0161ki\u00a0 fakultet, Srbija), Silvija Krejakovi\u0107 (Muzej grada Beograda \u2013 Zavi\u010dajni muzej Zemun, Srbija), prof. dr \u017deljko Markovi\u0107 (Univerzitet u Novom Sadu, Filozofski fakultet, Srbija), dr. Mojca Nidorfer \u0160i\u0161kovi\u010d (Univerza v Ljubljani, Filozofska fakulteta, Slovenija), prof. dr. Mateja Pezdirc Bartol (Univerza v Ljubljani, Filozofska fakulteta, Slovenija), prof. dr Anica Sabo (Univerzitet u Beogradu, Fakultet muzi\u010dke umetnosti, Srbija), dr Milena Spremo (Zrenjanin, Srbija), dr Lada Stevanovi\u0107 (Etnografski institut SANU, Beograd, Srbija), dr Tanja Tomazin (Univerzitet u Beogradu, Filolo\u0161ki fakultet, Srbija), dr. Janja \u017ditnik Serafin (ZRC SAZU, In\u0161titut za slovensko izseljenstvo in migracije, Ljubljana, Slovenija), Dragomir Zupanc (Beograd, Srbija).<\/p>\n<p>&nbsp;<\/p>\n<p><strong>Me\u0111unarodni izdava\u010dki savet \/ Mednarodni svetovalni odbor<\/strong><br \/>\nProf. dr Jurij Bajec (Beograd), dr Jadranka \u0110or\u0111evi\u0107 Crnobrnja (Beograd), dr. Zdenka Petermanec (Maribor), prof. dr Vesna Polovina (Beograd), dr Mladena Preli\u0107 (Beograd), dr. Nata\u0161a Rogelja (Ljubljana), prof. dr. Alojzija Zupan Sosi\u010d (Ljubljana).<\/p>\n<p>&nbsp;<\/p>\n<p><strong>Sekretar redakcije \/ Tehni\u010dna urednica<br \/>\n<\/strong>Ivana Mandi\u0107<\/p>\n<p>&nbsp;<\/p>\n<p><em>Slovenika<\/em> prihva\u0107ena za objavljivanje na sastanku Izdava\u010dkog saveta, 17. 12. 2025. godine \/ <em>Slovenika<\/em> sprejeta za objavo na sestanku Svetovalnega odbora 17. 12. 2025<\/p>\n<p>\u010casopis se objavljuje jednom godi\u0161nje \/ \u010casopis izhaja enkrat na leto<\/p>\n<p>&nbsp;<\/p>\n<p>\u010casopis se besplatno mo\u017ee preuzeti sa sajta: \/ \u010casopis je brezpla\u010dno dostopen na spletni strani:<\/p>\n<p><a href=\"https:\/\/slovenci.rs\/sl\/\">www.slovenci.rs<\/a><\/p>","protected":false},"excerpt":{"rendered":"<p>\u010casopis za kulturu, nauku i obrazovanje \/ \u010casopis za kulturo, znanost in izobra\u017eevanje XI (2025) ISSN: 2466-555X; ISSN: 2466-2852 (Online) UDK: 008 &nbsp; Izdava\u010d \/ Zalo\u017enik Univerzitet u Beogradu, Filolo\u0161ki fakultet \/ Univerza\u00a0 v Beogradu, Filolo\u0161ka fakulteta i\/in Nacionalni savet\u00a0slovena\u010dke nacionalne manjine u Republici Srbiji \/ Nacionalni\u00a0 svet slovenske narodne manj\u0161ine v Republiki Srbiji &nbsp; [&hellip;]<\/p>\n","protected":false},"author":1,"featured_media":0,"parent":0,"menu_order":0,"comment_status":"closed","ping_status":"closed","template":"","meta":{"footnotes":""},"class_list":["post-5764","page","type-page","status-publish","hentry","post"],"_links":{"self":[{"href":"https:\/\/slovenci.rs\/sl\/wp-json\/wp\/v2\/pages\/5764","targetHints":{"allow":["GET"]}}],"collection":[{"href":"https:\/\/slovenci.rs\/sl\/wp-json\/wp\/v2\/pages"}],"about":[{"href":"https:\/\/slovenci.rs\/sl\/wp-json\/wp\/v2\/types\/page"}],"author":[{"embeddable":true,"href":"https:\/\/slovenci.rs\/sl\/wp-json\/wp\/v2\/users\/1"}],"replies":[{"embeddable":true,"href":"https:\/\/slovenci.rs\/sl\/wp-json\/wp\/v2\/comments?post=5764"}],"version-history":[{"count":1,"href":"https:\/\/slovenci.rs\/sl\/wp-json\/wp\/v2\/pages\/5764\/revisions"}],"predecessor-version":[{"id":5765,"href":"https:\/\/slovenci.rs\/sl\/wp-json\/wp\/v2\/pages\/5764\/revisions\/5765"}],"wp:attachment":[{"href":"https:\/\/slovenci.rs\/sl\/wp-json\/wp\/v2\/media?parent=5764"}],"curies":[{"name":"wp","href":"https:\/\/api.w.org\/{rel}","templated":true}]}}