{"id":5818,"date":"2026-01-25T15:50:19","date_gmt":"2026-01-25T14:50:19","guid":{"rendered":"https:\/\/slovenci.rs\/?page_id=5818"},"modified":"2026-01-27T20:07:07","modified_gmt":"2026-01-27T19:07:07","slug":"hristina-mikic-dejan-molnar-djordje-mitrovic-srpska-fabrika-stakla-i-slovenacko-srpske-veze-u-staklarstvu-zajednicko-nasledje-2","status":"publish","type":"page","link":"https:\/\/slovenci.rs\/sl\/hristina-mikic-dejan-molnar-djordje-mitrovic-srpska-fabrika-stakla-i-slovenacko-srpske-veze-u-staklarstvu-zajednicko-nasledje-2\/","title":{"rendered":"HRISTINA MIKI\u0106, DEJAN MOLNAR, \u0110OR\u0110E MITROVI\u0106, SRPSKA FABRIKA STAKLA I SLOVENA\u010cKO-SRPSKE VEZE U STAKLARSTVU: ZAJEDNI\u010cKO NASLE\u0110E (2)"},"content":{"rendered":"<p align=\"RIGHT\"><span style=\"color: #333333;\">Slovenika XI (2025) 137-156<br \/>\nPregledni rad<br \/>\nUDK: 666.1(497.11)&#8220;18\/19&#8243;<\/span><\/p>\n<p align=\"RIGHT\"><span style=\"color: #737373;\"><span style=\"color: #333333;\">Primljeno \/ Prejeto \/ Received: 10. 07. 2025.<\/span><br \/>\n<span style=\"color: #333333;\">Prihva\u0107eno \/ Sprejeto \/ Accepted: 11. 12. 2025.<\/span><br \/>\n<\/span><a href=\"https:\/\/slovenci.rs\/wp-content\/uploads\/2026\/01\/Mikic_Molnar_Mitrovic.pdf\" target=\"_blank\" rel=\"noopener\"><span style=\"color: #df9333;\"><u>\u010clanak (PDF) | \u010clanek (PDF) | Paper (PDF)<\/u><\/span><\/a><\/p>\n<p align=\"RIGHT\"><span style=\"color: #333333;\">DOI:<\/span> <a href=\"https:\/\/doi.org\/10.18485\/slovenika.2025.11.1.6\" target=\"_blank\" rel=\"noopener\">https:\/\/doi.org\/10.18485\/slovenika.2025.11.1.6<\/a><\/p>\n<p>Hristina Miki\u0107<br \/>\nUniverzitet Metropolitan u Beogradu<br \/>\nFakultet za menad\u017ement<br \/>\nSrbija<br \/>\n<a href=\"mailto:hristinamikic@gmail.com\">hristinamikic@gmail.com<\/a><br \/>\n<span style=\"color: #000080;\"><span lang=\"zxx\"><u><a href=\"https:\/\/orcid.org\/0000-0003-3932-4398\" target=\"_blank\" rel=\"noopener\">https:\/\/orcid.org\/0000-0003-3932-4398<\/a><\/u><\/span><\/span><\/p>\n<p>Dejan Molnar<br \/>\nUniverzitet u Beogradu<br \/>\nEkonomski fakultet<br \/>\nSrbija<br \/>\n<span style=\"color: #000080;\"><span lang=\"zxx\"><u><a href=\"mailto:dejan.molnar@ekof.bg.ac.rs\">dejan.molnar@ekof.bg.ac.rs<\/a><\/u><\/span><\/span><br \/>\n<span style=\"color: #000080;\"><span lang=\"zxx\"><u><a href=\"https:\/\/orcid.org\/0000-0002-6081-8141\" target=\"_blank\" rel=\"noopener\">https:\/\/orcid.org\/0000-0002-6081-8141<\/a><\/u><\/span><\/span><\/p>\n<p>\u0110or\u0111e Mitrovi\u0107<br \/>\nUniverzitet u Beogradu<br \/>\nEkonomski fakultet<br \/>\nSrbija<br \/>\n<span lang=\"zxx\"><a href=\"mailto:dorde.mitrovic@ekof.bg.ac.rs\">dorde.mitrovic@ekof.bg.ac.rs<\/a><\/span><br \/>\n<span style=\"color: #000080;\"><span lang=\"zxx\"><u><a href=\"https:\/\/orcid.org\/0000-0002-1839-1105\" target=\"_blank\" rel=\"noopener\">https:\/\/orcid.org\/0000-0002-1839-1105<\/a><\/u><\/span><\/span><\/p>\n<h4>Srpska fabrika stakla i slovena\u010dko-srpske veze u staklarstvu: zajedni\u010dko nasle\u0111e (2)<\/h4>\n<p align=\"JUSTIFY\"><span style=\"color: #333333;\"><i>Sa\u017eetak<\/i>: O industriji stakla u Srbiji krajem 20. i po\u010detkom 21. veka postoji mali broj publikovanih radova i istra\u017eivanja sa ciljem da rasvetle ulogu Srpske fabrike stakla i slovena\u010dko-srpske veze u staklarstvu. Ovi odnosi su danas ponovo aktuelizovani, naro\u010dito posle preuzimanja Srpske fabrike stakla u 2022. godini od strane slovena\u010dke staklare Hrastnik i Global Glass fonda. Ovaj rad bavi se razvojem staklarstva nakon Drugog svetskog rata, kada su fabrike u Para\u0107inu i Hrastniku konfiskovane i usmerene na masovnu proizvodnju ambala\u017enog stakla. Plan industrijalizacije jugoslovenske privrede predvi\u0111ao je razme\u0161taj fabri\u010dkih kompleksa u odnosu na razvojne prioritete prehrambene industrije. Od kraja 1970-ih godina, para\u0107inska fabrika se suo\u010davala sa ekonomskim padom, smanjenom produktivno\u0161\u0107u i lo\u0161im poslovnim odlukama. Uvo\u0111enje me\u0111unarodnih sankcija 1990-ih dodatno je ote\u017ealo njeno funkcionisanje. Nakon politi\u010dkih promena 2000. godine, bilo je nekoliko poku\u0161aja da se prona\u0111u strate\u0161ki partneri i izvr\u0161i njena privatizacija, ali su se vlasni\u010dke transformacije odvijale sa vrlo malo uspeha. Iako je Srpska fabrika stakla imala zna\u010dajnu ulogu u privrednom razvoju Para\u0107ina, a strate\u0161ku za nacionalnu prehrambenu industriju, mnogi izazovi i poslovne odluke uticali su na njeno cikli\u010dno poslovanje. Od 2024. godine para\u0107inska fabrika je deo Vaider grupe, zajedno sa slovena\u010dkim preduze\u0107em za proizvodnju stakla \u201eSteklarna Hrastnik\u201c, \u010dime se stvaraju uslovi za novi \u017eivot slovena\u010dko-srpskih veza u staklarstvu i o\u010duvanje zajedni\u010dkog industrijskog nasle\u0111a.<\/span><\/p>\n<p><span style=\"color: #333333;\"><i>Klju\u010dne re\u010di<\/i>: staklarstvo, industrijsko nasle\u0111e, Srpska fabrika stakla, staklara Hrastnik, Para\u0107in<\/span><\/p>\n<p><span style=\"color: #ffffff;\">&#8212;<\/span><\/p>\n<p><span style=\"color: #ffffff;\">&#8212;<\/span><\/p>\n<p>Hristina Miki\u0107<br \/>\nUniverza Metropolitan v Beogradu<br \/>\nFakulteta za mened\u017ement<br \/>\nSrbija<br \/>\n<a href=\"mailto:hristinamikic@gmail.com\"><span lang=\"zxx\">hristinamikic@<\/span>gmail.com<\/a> <span style=\"color: #000000;\"><br \/>\n<\/span><span style=\"color: #000080;\"><span lang=\"zxx\"><u><a href=\"https:\/\/orcid.org\/0000-0003-3932-4398\" target=\"_blank\" rel=\"noopener\">https:\/\/orcid.org\/0000-0003-3932-4398<\/a><\/u><\/span><\/span><\/p>\n<p>Dejan Molnar<br \/>\nUniverza v Beogradu<br \/>\nEkonomska fakulteta<br \/>\nSrbija<\/p>\n<p><span style=\"color: #000080;\"><span lang=\"zxx\"><u><a href=\"mailto:dejan.molnar@ekof.bg.ac.rs\">dejan.molnar@ekof.bg.ac.rs<\/a><\/u><\/span><\/span><br \/>\n<span style=\"color: #000080;\"><span lang=\"zxx\"><u><a href=\"https:\/\/orcid.org\/0000-0002-6081-8141\" target=\"_blank\" rel=\"noopener\">https:\/\/orcid.org\/0000-0002-6081-8141<\/a><\/u><\/span><\/span><\/p>\n<p>\u0110or\u0111e Mitrovi\u0107<br \/>\nUniverza v Beogradu<br \/>\nEkonomska fakulteta<br \/>\nSrbija<br \/>\n<span style=\"color: #000080;\"><span lang=\"zxx\"><u><a href=\"mailto:dorde.mitrovic@ekof.bg.ac.rs\">dorde.mitrovic@ekof.bg.ac.rs<\/a><\/u><\/span><\/span><br \/>\n<span style=\"color: #000080;\"><span lang=\"zxx\"><u><a href=\"https:\/\/orcid.org\/0000-0002-1839-1105\" target=\"_blank\" rel=\"noopener\">https:\/\/orcid.org\/0000-0002-1839-1105<\/a><\/u><\/span><\/span><\/p>\n<h4>SRBSKA STEKLARNA IN SLOVENSKO-SRBSKE POVEZAVE V STEKLARSTVU: SKUPNA DEDI\u0160\u010cINA (2)<\/h4>\n<p align=\"JUSTIFY\"><span style=\"color: #333333;\">Povzetek: Malo je objavljenih del in raziskav o steklarski industriji v Srbiji ob koncu 20. in za\u010detku 21. stoletja, ki bi osvetljevale vlogo srbske steklarne in slovensko-srbskih steklarskih povezav. Danes so ti odnosi ponovno aktualizirani, \u0161e posebej po letu 2022, ko sta Srbsko tovarno stekla prevzela slovenska Steklarna Hrastnik in fond Global Glass. Pri\u010dujo\u010di prispevek obravnava razvoj steklarstva po drugi svetovni vojni, ko sta bili tovarni v Para\u0107inu in Hrastniku zaplenjeni in usmerjeni v mno\u017ei\u010dno proizvodnjo embala\u017enega stekla. Na\u010drt industrializacije jugoslovanskega gospodarstva je predvideval razporeditev tovarni\u0161kih kompleksov glede na razvojne prioritete \u017eivilske industrije. Od konca sedemdesetih let 20. stoletja se je para\u0107inska tovarna soo\u010dala z gospodarskim nazadovanjem, zmanj\u0161ano produktivnostjo in slabimi poslovnimi odlo\u010ditvami. Uvedba mednarodnih sankcij v devetdesetih letih je njeno delovanje \u0161e dodatno ote\u017eila. Po politi\u010dnih spremembah leta 2000 je bilo ve\u010d poskusov, da bi na\u0161li strate\u0161ke partnerje in izvedli njeno privatizacijo, vendar so se lastni\u0161ke preobrazbe odvijale z zelo malo uspeha. \u010ceprav je Srbska tovarna stekla imela pomembno vlogo pri gospodarskem razvoju Para\u0107ina in strate\u0161ki pomen za dr\u017eavno \u017eivilsko industrijo, so \u0161tevilni izzivi in poslovne odlo\u010ditve vplivali na njeno cikli\u010dno poslovanje. Od leta 2024 je para\u0107inska tovarna del skupine Vaider, skupaj s slovenskim podjetjem za proizvodnjo stekla Steklarna Hrastnik, s \u010dimer se ustvarjajo pogoji za nove oblike slovensko-srbskih vezi v steklarstvu in za ohranitev skupne industrijske dedi\u0161\u010dine.<\/span><\/p>\n<p><span style=\"color: #333333;\"><i>Klju\u010dne besede<\/i>: steklarstvo, industrijska dedi\u0161\u010dina, Srbska tovarna stekla, Steklarna Hrastnik, Para\u0107in<\/span><\/p>\n<p><span style=\"color: #ffffff;\">&#8212;<\/span><\/p>\n<p><span style=\"color: #ffffff;\">&#8212;<\/span><\/p>\n<p>Hristina Miki\u0107<br \/>\nMetropolitan University<br \/>\nFaculty of Management<br \/>\nBelgrade, Serbia<br \/>\n<a href=\"mailto:hristinamikic@gmail.com\"><span lang=\"zxx\">hristinamikic@<\/span>gmail.com <\/a><span style=\"color: #000000;\"><br \/>\n<\/span><span style=\"color: #000080;\"><span lang=\"zxx\"><u><a href=\"https:\/\/orcid.org\/0000-0003-3932-4398\" target=\"_blank\" rel=\"noopener\">https:\/\/orcid.org\/0000-0003-3932-4398<\/a><\/u><\/span><\/span><\/p>\n<p>Dejan Molnar<br \/>\nUniversity of Belgrade<br \/>\nFaculty of Economics and Business<br \/>\nBelgrade, Serbia<br \/>\n<span style=\"color: #000080;\"><span lang=\"zxx\"><u><a href=\"mailto:dejan.molnar@ekof.bg.ac.rs\">dejan.molnar@ekof.bg.ac.rs<\/a><\/u><\/span><\/span><br \/>\n<span style=\"color: #000080;\"><span lang=\"zxx\"><u><a href=\"https:\/\/orcid.org\/0000-0002-6081-8141\" target=\"_blank\" rel=\"noopener\">https:\/\/orcid.org\/0000-0002-6081-8141<\/a><\/u><\/span><\/span><\/p>\n<p>\u0110or\u0111e Mitrovi\u0107<br \/>\nUniversity of Belgrade<br \/>\nFaculty of Economics and Business<br \/>\nBelgrade, Serbia<br \/>\n<span style=\"color: #000080;\"><span lang=\"zxx\"><u><a href=\"mailto:dorde.mitrovic@ekof.bg.ac.rs\">dorde.mitrovic@ekof.bg.ac.rs<\/a><\/u><\/span><\/span><br \/>\n<span style=\"color: #000080;\"><span lang=\"zxx\"><u><a href=\"https:\/\/orcid.org\/0000-0002-1839-1105\" target=\"_blank\" rel=\"noopener\">https:\/\/orcid.org\/0000-0002-1839-1105<\/a><\/u><\/span><\/span><\/p>\n<h4>SERBIAN GLASS FACTORY AND SLOVENIAN-SERBIAN CONNECTIONS IN GLASSWORKING: A COMMON HERITAGE (2)<\/h4>\n<p align=\"JUSTIFY\"><span style=\"color: #333333;\"><i>Abstract<\/i>: Published research on the glass industry in Serbia at the end of 20<sup>th<\/sup> and beginning of the 21<sup>st<\/sup> century is scarce, especially as regards the role of the Serbian Glass Factory and Slovenian-Serbian relations in the glass industry. Today, these relations are relevant again, especially after 2022, when the Serbian Glass Factory was took over by the Slovenian glass factory Hrastnik and the Global Glass Fund. This paper discusses the development of glass industry after the World War II, when the factories in Para\u0107in and Hrastnik were confiscated and their focus was shifted on the mass production of packaging glass. The plan for the industrialization of Yugoslav economy envisaged a geographical distribution of factory complexes that would be aligned with development priorities of the food industry. Since the late 1970s, the factory faced economic decline, reduced productivity and poor business decisions. The international sanctions in the 1990s made its operation even more difficult. After the political changes in 2000, there were several attempts to find strategic partners and privatize it, but the ownership transformations were carried out with little success. Although the Serbian Glass Factory played a significant role in the economic development of Para\u0107in and a strategic one for the national food industry, many challenges and business decisions resulted in fluctuations in its operations. Since 2024, the Para\u0107in factory has been part of the Vaider Group together with the Slovenian glass production company Steklarna Hrastnik, creating conditions for renewed Slovenian-Serbian connections in the glass industry and for preserving the shared industrial heritage.<\/span><\/p>\n<p><span style=\"color: #333333;\"><i>Keywords<\/i>: glassmaking, industrial heritage, Serbian Glass Factory, Hrastnik Glassworks, Para\u0107in<\/span><\/p>","protected":false},"excerpt":{"rendered":"<p>Slovenika XI (2025) 137-156 Pregledni rad UDK: 666.1(497.11)&#8220;18\/19&#8243; Primljeno \/ Prejeto \/ Received: 10. 07. 2025. Prihva\u0107eno \/ Sprejeto \/ Accepted: 11. 12. 2025. \u010clanak (PDF) | \u010clanek (PDF) | Paper (PDF) DOI: https:\/\/doi.org\/10.18485\/slovenika.2025.11.1.6 Hristina Miki\u0107 Univerzitet Metropolitan u Beogradu Fakultet za menad\u017ement Srbija hristinamikic@gmail.com https:\/\/orcid.org\/0000-0003-3932-4398 Dejan Molnar Univerzitet u Beogradu Ekonomski fakultet Srbija dejan.molnar@ekof.bg.ac.rs [&hellip;]<\/p>\n","protected":false},"author":1,"featured_media":0,"parent":0,"menu_order":0,"comment_status":"closed","ping_status":"closed","template":"","meta":{"footnotes":""},"class_list":["post-5818","page","type-page","status-publish","hentry","post"],"_links":{"self":[{"href":"https:\/\/slovenci.rs\/sl\/wp-json\/wp\/v2\/pages\/5818","targetHints":{"allow":["GET"]}}],"collection":[{"href":"https:\/\/slovenci.rs\/sl\/wp-json\/wp\/v2\/pages"}],"about":[{"href":"https:\/\/slovenci.rs\/sl\/wp-json\/wp\/v2\/types\/page"}],"author":[{"embeddable":true,"href":"https:\/\/slovenci.rs\/sl\/wp-json\/wp\/v2\/users\/1"}],"replies":[{"embeddable":true,"href":"https:\/\/slovenci.rs\/sl\/wp-json\/wp\/v2\/comments?post=5818"}],"version-history":[{"count":3,"href":"https:\/\/slovenci.rs\/sl\/wp-json\/wp\/v2\/pages\/5818\/revisions"}],"predecessor-version":[{"id":5846,"href":"https:\/\/slovenci.rs\/sl\/wp-json\/wp\/v2\/pages\/5818\/revisions\/5846"}],"wp:attachment":[{"href":"https:\/\/slovenci.rs\/sl\/wp-json\/wp\/v2\/media?parent=5818"}],"curies":[{"name":"wp","href":"https:\/\/api.w.org\/{rel}","templated":true}]}}