{"id":59,"date":"2012-03-16T20:20:27","date_gmt":"2012-03-16T20:20:27","guid":{"rendered":"?page_id=59"},"modified":"2023-02-13T00:48:40","modified_gmt":"2023-02-12T23:48:40","slug":"clani","status":"publish","type":"page","link":"https:\/\/slovenci.rs\/sl\/nacionalni-svet\/clani\/","title":{"rendered":"\u010cLANI"},"content":{"rendered":"<p>&nbsp;<\/p>\n<p>\u010clanovi Nacionalnog saveta slovena\u010dke nacionalne manjine u Srbiji:<\/p>\n<p><a href=\"https:\/\/slovenci.rs\/sl\/sasa-verbic\/\">Sa\u0161a VERBI\u010c, 1948, Beograd<\/a><br \/>\n<a href=\"https:\/\/slovenci.rs\/sl\/anica-sabo\/\">Anica SABO, 1954, Beograd<\/a><br \/>\n<a href=\"https:\/\/slovenci.rs\/sl\/?p=3128\">Maja \u0110UKANOVI\u0106, 1962, Beograd<\/a><br \/>\n<a href=\"https:\/\/slovenci.rs\/sl\/?p=3794\">Petar Pe\u0111a GRUBOR, 1980, Sarajevo (Vr\u0161ac)<\/a><br \/>\n<a href=\"https:\/\/slovenci.rs\/sl\/?p=3799\">Biljana MILENKOVI\u0106-VUKOVI\u0106, 1961, Beograd<\/a><br \/>\n<a href=\"https:\/\/slovenci.rs\/sl\/?p=3804\">Dino DOLNI\u010cAR, 1980, Beograd<\/a><br \/>\n<a href=\"https:\/\/slovenci.rs\/sl\/?p=3810\">Dragomir ZUPANC, 1946, Ljubljana<\/a><br \/>\n<a href=\"https:\/\/slovenci.rs\/sl\/?p=3816\">\u0110or\u0111e VESELINOV, 1967,&nbsp;Novi Sad<\/a><br \/>\n<a href=\"https:\/\/slovenci.rs\/sl\/?p=3821\">Elza AJDUKOVI\u0106. 1961,&nbsp;Novi Sad<\/a><br \/>\n<a href=\"https:\/\/slovenci.rs\/sl\/?p=3827\">Ivica GRUDEN, 1955,&nbsp;Ni\u0161<\/a><br \/>\n<a href=\"https:\/\/slovenci.rs\/sl\/?p=3832\">Vladimir \u0160OJAT, Beograd<\/a><br \/>\n<a href=\"https:\/\/slovenci.rs\/sl\/josip-veber\/\">Josip VEBER, 1968. Pan\u010devo<\/a><br \/>\n<a href=\"https:\/\/slovenci.rs\/sl\/?p=3842\">Marija VAUDA PILIPOVI\u0106, 1961, Beograd<\/a><br \/>\n<a href=\"https:\/\/slovenci.rs\/sl\/?p=3848\">Milena SPREMO, 1978.<\/a><br \/>\n<a href=\"https:\/\/slovenci.rs\/sl\/?p=3142\">Sa\u0161a RADI\u0106, 1982, Kostolac<\/a><\/p>","protected":false},"excerpt":{"rendered":"<p>&nbsp; \u010clanovi Nacionalnog saveta slovena\u010dke nacionalne manjine u Srbiji: Sa\u0161a VERBI\u010c, 1948, Beograd Anica SABO, 1954, Beograd Maja \u0110UKANOVI\u0106, 1962, Beograd Petar Pe\u0111a GRUBOR, 1980, Sarajevo (Vr\u0161ac) Biljana MILENKOVI\u0106-VUKOVI\u0106, 1961, Beograd Dino DOLNI\u010cAR, 1980, Beograd Dragomir ZUPANC, 1946, Ljubljana \u0110or\u0111e VESELINOV, 1967,&nbsp;Novi Sad Elza AJDUKOVI\u0106. 1961,&nbsp;Novi Sad Ivica GRUDEN, 1955,&nbsp;Ni\u0161 Vladimir \u0160OJAT, Beograd Josip VEBER, [&hellip;]<\/p>\n","protected":false},"author":1,"featured_media":0,"parent":8,"menu_order":2,"comment_status":"closed","ping_status":"closed","template":"","meta":{"footnotes":""},"class_list":["post-59","page","type-page","status-publish","hentry","post"],"_links":{"self":[{"href":"https:\/\/slovenci.rs\/sl\/wp-json\/wp\/v2\/pages\/59","targetHints":{"allow":["GET"]}}],"collection":[{"href":"https:\/\/slovenci.rs\/sl\/wp-json\/wp\/v2\/pages"}],"about":[{"href":"https:\/\/slovenci.rs\/sl\/wp-json\/wp\/v2\/types\/page"}],"author":[{"embeddable":true,"href":"https:\/\/slovenci.rs\/sl\/wp-json\/wp\/v2\/users\/1"}],"replies":[{"embeddable":true,"href":"https:\/\/slovenci.rs\/sl\/wp-json\/wp\/v2\/comments?post=59"}],"version-history":[{"count":50,"href":"https:\/\/slovenci.rs\/sl\/wp-json\/wp\/v2\/pages\/59\/revisions"}],"predecessor-version":[{"id":5262,"href":"https:\/\/slovenci.rs\/sl\/wp-json\/wp\/v2\/pages\/59\/revisions\/5262"}],"up":[{"embeddable":true,"href":"https:\/\/slovenci.rs\/sl\/wp-json\/wp\/v2\/pages\/8"}],"wp:attachment":[{"href":"https:\/\/slovenci.rs\/sl\/wp-json\/wp\/v2\/media?parent=59"}],"curies":[{"name":"wp","href":"https:\/\/api.w.org\/{rel}","templated":true}]}}